{"id":306,"date":"2021-03-02T10:21:54","date_gmt":"2021-03-02T09:21:54","guid":{"rendered":"https:\/\/elserratsl.com\/servicios\/"},"modified":"2021-03-15T11:41:32","modified_gmt":"2021-03-15T10:41:32","slug":"servicios","status":"publish","type":"page","link":"https:\/\/elserratsl.com\/es\/servicios\/","title":{"rendered":"Servicios"},"content":{"rendered":"\n<div class=\"wp-block-cover alignfull has-black-background-color\" style=\"min-height:700px;aspect-ratio:unset;\"><img loading=\"lazy\" decoding=\"async\" width=\"2560\" height=\"1920\" class=\"wp-block-cover__image-background wp-image-560\" alt=\"\" src=\"https:\/\/elserratsl.com\/wp-content\/uploads\/2021\/03\/foto-3-scaled.jpg\" style=\"object-position:55% 54%\" data-object-fit=\"cover\" data-object-position=\"55% 54%\" srcset=\"https:\/\/elserratsl.com\/wp-content\/uploads\/2021\/03\/foto-3-scaled.jpg 2560w, https:\/\/elserratsl.com\/wp-content\/uploads\/2021\/03\/foto-3-300x225.jpg 300w, https:\/\/elserratsl.com\/wp-content\/uploads\/2021\/03\/foto-3-1024x768.jpg 1024w, https:\/\/elserratsl.com\/wp-content\/uploads\/2021\/03\/foto-3-768x576.jpg 768w, https:\/\/elserratsl.com\/wp-content\/uploads\/2021\/03\/foto-3-1536x1152.jpg 1536w, https:\/\/elserratsl.com\/wp-content\/uploads\/2021\/03\/foto-3-2048x1536.jpg 2048w\" sizes=\"auto, (max-width: 2560px) 100vw, 2560px\" \/><div class=\"wp-block-cover__inner-container is-layout-flow wp-block-cover-is-layout-flow\">\n<p class=\"has-text-align-center has-large-font-size\"><\/p>\n<\/div><\/div>\n\n<div class=\"wp-block-cover alignfull has-white-background-color has-background-dim\"><div class=\"wp-block-cover__inner-container is-layout-flow wp-block-cover-is-layout-flow\">\n<section class=\"wp-block-uagb-section uagb-section__wrap uagb-section__background-undefined uagb-block-7a6a36cc\"><div class=\"uagb-section__overlay\"><\/div><div class=\"uagb-section__inner-wrap\">\n<h2 class=\"has-text-align-center has-text-color wp-block-heading\" style=\"color:#800040;font-size:35px\">Servicios<\/h2>\n\n\n\n<p class=\"has-text-color\" style=\"color:#4f4f4f;font-size:18px\">La residencia est\u00e1 formada por un equipo profesional cualificado y con experiencia, centrado en el bienestar de nuestros residentes.<\/p>\n\n\n\n<div class=\"wp-block-columns is-layout-flex wp-container-core-columns-is-layout-28f84493 wp-block-columns-is-layout-flex\">\n<div class=\"wp-block-column is-layout-flow wp-block-column-is-layout-flow\">\n<div class=\"wp-block-uagb-info-box uagb-infobox__outer-wrap uagb-block-f6ca0ad3\"><div class=\"uagb-infobox__content-wrap uagb-infobox uagb-infobox-has-image uagb-infobox-icon-above-title uagb-infobox-image-valign-top uagb-infobox-enable-border-radius \"><div class=\"uagb-ifb-left-right-wrap\"><div class=\"uagb-ifb-content\"><div class=\"uagb-ifb-image-icon-content uagb-ifb-imgicon-wrap\"><div class=\"uagb-ifb-image\"><div class=\"uagb-ifb-image-content\"><img decoding=\"async\" class=\"uagb-ifb-img-src\" src=\"https:\/\/elserratsl.com\/wp-content\/uploads\/\/2021\/03\/auxiliar-infermeria.svg\" alt=\"\"\/><\/div><\/div><\/div><div class=\"uagb-ifb-title-wrap\"><h3 class=\"uagb-ifb-title\">Auxiliares de enfermer\u00eda<\/h3><\/div><div class=\"uagb-ifb-separator-parent\"><div class=\"uagb-ifb-separator\"><\/div><\/div><div class=\"uagb-ifb-text-wrap\"><p class=\"uagb-ifb-desc\">Auxiliares de enfermer\u00eda y geriatr\u00eda, que acompa\u00f1an y atienden todas las necesidades de la vida diaria de las personas que viven en la residencia.<\/p><\/div><\/div><\/div><\/div><\/div>\n<\/div>\n\n\n\n<div class=\"wp-block-column is-layout-flow wp-block-column-is-layout-flow\">\n<div class=\"wp-block-uagb-info-box uagb-infobox__outer-wrap uagb-block-c3f141e0\"><div class=\"uagb-infobox__content-wrap uagb-infobox uagb-infobox-has-image uagb-infobox-icon-above-title uagb-infobox-image-valign-top uagb-infobox-enable-border-radius \"><div class=\"uagb-ifb-left-right-wrap\"><div class=\"uagb-ifb-content\"><div class=\"uagb-ifb-image-icon-content uagb-ifb-imgicon-wrap\"><div class=\"uagb-ifb-image\"><div class=\"uagb-ifb-image-content\"><img decoding=\"async\" class=\"uagb-ifb-img-src\" src=\"https:\/\/elserratsl.com\/wp-content\/uploads\/\/2021\/03\/servei-medic.svg\" alt=\"\"\/><\/div><\/div><\/div><div class=\"uagb-ifb-title-wrap\"><h3 class=\"uagb-ifb-title\">Servicio m\u00e9dico<\/h3><\/div><div class=\"uagb-ifb-separator-parent\"><div class=\"uagb-ifb-separator\"><\/div><\/div><div class=\"uagb-ifb-text-wrap\"><p class=\"uagb-ifb-desc\">Servicio m\u00e9dico semanal, que hace la funci\u00f3n de medicina de familia, y se encarga del seguimiento habitual de la salud de los residentes.<\/p><\/div><\/div><\/div><\/div><\/div>\n<\/div>\n<\/div>\n\n\n\n<div class=\"wp-block-columns is-layout-flex wp-container-core-columns-is-layout-28f84493 wp-block-columns-is-layout-flex\">\n<div class=\"wp-block-column is-layout-flow wp-block-column-is-layout-flow\">\n<div class=\"wp-block-uagb-info-box uagb-infobox__outer-wrap uagb-block-88e64bdd\"><div class=\"uagb-infobox__content-wrap uagb-infobox uagb-infobox-has-image uagb-infobox-icon-above-title uagb-infobox-image-valign-top uagb-infobox-enable-border-radius \"><div class=\"uagb-ifb-left-right-wrap\"><div class=\"uagb-ifb-content\"><div class=\"uagb-ifb-image-icon-content uagb-ifb-imgicon-wrap\"><div class=\"uagb-ifb-image\"><div class=\"uagb-ifb-image-content\"><img decoding=\"async\" class=\"uagb-ifb-img-src\" src=\"https:\/\/elserratsl.com\/wp-content\/uploads\/\/2021\/03\/infermeria.svg\" alt=\"\"\/><\/div><\/div><\/div><div class=\"uagb-ifb-title-wrap\"><h3 class=\"uagb-ifb-title\">Enfermer\u00eda<\/h3><\/div><div class=\"uagb-ifb-separator-parent\"><div class=\"uagb-ifb-separator\"><\/div><\/div><div class=\"uagb-ifb-text-wrap\"><p class=\"uagb-ifb-desc\">Enfermer\u00eda, de lunes a s\u00e1bado, que presta una atenci\u00f3n sanitaria inmediata y personalizada<\/p><\/div><\/div><\/div><\/div><\/div>\n<\/div>\n\n\n\n<div class=\"wp-block-column is-layout-flow wp-block-column-is-layout-flow\">\n<div class=\"wp-block-uagb-info-box uagb-infobox__outer-wrap uagb-block-3bb9e25a\"><div class=\"uagb-infobox__content-wrap uagb-infobox uagb-infobox-has-image uagb-infobox-icon-above-title uagb-infobox-image-valign-top uagb-infobox-enable-border-radius \"><div class=\"uagb-ifb-left-right-wrap\"><div class=\"uagb-ifb-content\"><div class=\"uagb-ifb-image-icon-content uagb-ifb-imgicon-wrap\"><div class=\"uagb-ifb-image\"><div class=\"uagb-ifb-image-content\"><img decoding=\"async\" class=\"uagb-ifb-img-src\" src=\"https:\/\/elserratsl.com\/wp-content\/uploads\/\/2021\/03\/terapia-ocupacional.svg\" alt=\"\"\/><\/div><\/div><\/div><div class=\"uagb-ifb-title-wrap\"><h3 class=\"uagb-ifb-title\">Terapia ocupacional<\/h3><\/div><div class=\"uagb-ifb-separator-parent\"><div class=\"uagb-ifb-separator\"><\/div><\/div><div class=\"uagb-ifb-text-wrap\"><p class=\"uagb-ifb-desc\">Terapia ocupacional, de lunes a viernes, en turno de ma\u00f1ana y tarde, centrada en ofrecer actividades adaptadas a los gustos y capacidades de cada residente. Manualidades, talleres de lectura, escritura, c\u00e1lculo o musicoterapia, entre otros.<\/p><\/div><\/div><\/div><\/div><\/div>\n<\/div>\n<\/div>\n\n\n\n<div class=\"wp-block-columns is-layout-flex wp-container-core-columns-is-layout-28f84493 wp-block-columns-is-layout-flex\">\n<div class=\"wp-block-column is-layout-flow wp-block-column-is-layout-flow\">\n<div class=\"wp-block-uagb-info-box uagb-infobox__outer-wrap uagb-block-f9394f32\"><div class=\"uagb-infobox__content-wrap uagb-infobox uagb-infobox-has-image uagb-infobox-icon-above-title uagb-infobox-image-valign-top uagb-infobox-enable-border-radius \"><div class=\"uagb-ifb-left-right-wrap\"><div class=\"uagb-ifb-content\"><div class=\"uagb-ifb-image-icon-content uagb-ifb-imgicon-wrap\"><div class=\"uagb-ifb-image\"><div class=\"uagb-ifb-image-content\"><img decoding=\"async\" class=\"uagb-ifb-img-src\" src=\"https:\/\/elserratsl.com\/wp-content\/uploads\/\/2021\/03\/psicologic.svg\" alt=\"\"\/><\/div><\/div><\/div><div class=\"uagb-ifb-title-wrap\"><h3 class=\"uagb-ifb-title\">Seguimiento psicol\u00f3gico<\/h3><\/div><div class=\"uagb-ifb-separator-parent\"><div class=\"uagb-ifb-separator\"><\/div><\/div><div class=\"uagb-ifb-text-wrap\"><p class=\"uagb-ifb-desc\">Seguimiento psicol\u00f3gico diario, dirigido a mantener las capacidades cognitivas, adem\u00e1s de dar apoyo emocional. El servicio ofrece tambi\u00e9n apoyo psicol\u00f3gico y orientaci\u00f3n a los familiares.<\/p><\/div><\/div><\/div><\/div><\/div>\n<\/div>\n\n\n\n<div class=\"wp-block-column is-layout-flow wp-block-column-is-layout-flow\">\n<div class=\"wp-block-uagb-info-box uagb-infobox__outer-wrap uagb-block-999bf745\"><div class=\"uagb-infobox__content-wrap uagb-infobox uagb-infobox-has-image uagb-infobox-icon-above-title uagb-infobox-image-valign-top uagb-infobox-enable-border-radius \"><div class=\"uagb-ifb-left-right-wrap\"><div class=\"uagb-ifb-content\"><div class=\"uagb-ifb-image-icon-content uagb-ifb-imgicon-wrap\"><div class=\"uagb-ifb-image\"><div class=\"uagb-ifb-image-content\"><img decoding=\"async\" class=\"uagb-ifb-img-src\" src=\"https:\/\/elserratsl.com\/wp-content\/uploads\/\/2021\/03\/assesorament-informacio.svg\" alt=\"\"\/><\/div><\/div><\/div><div class=\"uagb-ifb-title-wrap\"><h3 class=\"uagb-ifb-title\">Asesoramiento e informaci\u00f3n<\/h3><\/div><div class=\"uagb-ifb-separator-parent\"><div class=\"uagb-ifb-separator\"><\/div><\/div><div class=\"uagb-ifb-text-wrap\"><p class=\"uagb-ifb-desc\">Asesoramiento e informaci\u00f3n a las familias. La trabajadora social ofrece orientaci\u00f3n en temas administrativos y gesti\u00f3n de ayudas.<\/p><\/div><\/div><\/div><\/div><\/div>\n<\/div>\n<\/div>\n\n\n\n<div class=\"wp-block-columns is-layout-flex wp-container-core-columns-is-layout-28f84493 wp-block-columns-is-layout-flex\">\n<div class=\"wp-block-column is-layout-flow wp-block-column-is-layout-flow\">\n<div class=\"wp-block-uagb-info-box uagb-infobox__outer-wrap uagb-block-0435481a\"><div class=\"uagb-infobox__content-wrap uagb-infobox uagb-infobox-has-image uagb-infobox-icon-above-title uagb-infobox-image-valign-top uagb-infobox-enable-border-radius \"><div class=\"uagb-ifb-left-right-wrap\"><div class=\"uagb-ifb-content\"><div class=\"uagb-ifb-image-icon-content uagb-ifb-imgicon-wrap\"><div class=\"uagb-ifb-image\"><div class=\"uagb-ifb-image-content\"><img decoding=\"async\" class=\"uagb-ifb-img-src\" src=\"https:\/\/elserratsl.com\/wp-content\/uploads\/\/2021\/03\/fisioterapeuta.svg\" alt=\"\"\/><\/div><\/div><\/div><div class=\"uagb-ifb-title-wrap\"><h3 class=\"uagb-ifb-title\">Fisioterapeuta<\/h3><\/div><div class=\"uagb-ifb-separator-parent\"><div class=\"uagb-ifb-separator\"><\/div><\/div><div class=\"uagb-ifb-text-wrap\"><p class=\"uagb-ifb-desc\">Fisioterapeuta, de lunes a viernes. Hacemos sesiones colectivas de gimnasia, con el objetivo de mantener la tonificaci\u00f3n muscular y articular. Adem\u00e1s, se hacen tambi\u00e9n programas individuales de rehabilitaci\u00f3n y movilizaci\u00f3n.<\/p><\/div><\/div><\/div><\/div><\/div>\n<\/div>\n\n\n\n<div class=\"wp-block-column is-layout-flow wp-block-column-is-layout-flow\">\n<div class=\"wp-block-uagb-info-box uagb-infobox__outer-wrap uagb-block-13e4f337\"><div class=\"uagb-infobox__content-wrap uagb-infobox uagb-infobox-has-image uagb-infobox-icon-above-title uagb-infobox-image-valign-top uagb-infobox-enable-border-radius \"><div class=\"uagb-ifb-left-right-wrap\"><div class=\"uagb-ifb-content\"><div class=\"uagb-ifb-image-icon-content uagb-ifb-imgicon-wrap\"><div class=\"uagb-ifb-image\"><div class=\"uagb-ifb-image-content\"><img decoding=\"async\" class=\"uagb-ifb-img-src\" src=\"https:\/\/elserratsl.com\/wp-content\/uploads\/\/2021\/03\/cuina-propia.svg\" alt=\"\"\/><\/div><\/div><\/div><div class=\"uagb-ifb-title-wrap\"><h3 class=\"uagb-ifb-title\">Cocina propia<\/h3><\/div><div class=\"uagb-ifb-separator-parent\"><div class=\"uagb-ifb-separator\"><\/div><\/div><div class=\"uagb-ifb-text-wrap\"><p class=\"uagb-ifb-desc\">Es importante que, adem\u00e1s de sana y equilibrada, la dieta sea variada, sabrosa y se adapte a las peculiaridades de cada usuario. Nuestras cocineras elaboran men\u00fas con productos de calidad, cuidando el sabor y los detalles.<\/p><\/div><\/div><\/div><\/div><\/div>\n<\/div>\n<\/div>\n<\/div><\/section>\n<\/div><\/div>\n\n<div class=\"wp-block-cover alignfull has-background-dim\" style=\"background-color:#ffab00\"><div class=\"wp-block-cover__inner-container is-layout-flow wp-block-cover-is-layout-flow\">\n<section class=\"wp-block-uagb-section uagb-section__wrap uagb-section__background-none uagb-block-e02429af\"><div class=\"uagb-section__overlay\"><\/div><div class=\"uagb-section__inner-wrap\">\n<section class=\"wp-block-uagb-section uagb-section__wrap uagb-section__background-undefined uagb-block-2bc2eaaa\"><div class=\"uagb-section__overlay\"><\/div><div class=\"uagb-section__inner-wrap\">\n<div class=\"wp-block-media-text alignwide is-stacked-on-mobile is-image-fill\"><figure class=\"wp-block-media-text__media\" style=\"background-image:url(https:\/\/elserratsl.com\/wp-content\/uploads\/2021\/03\/peluqueria-1024x678.jpg);background-position:51% 96%\"><img loading=\"lazy\" decoding=\"async\" width=\"1024\" height=\"678\" src=\"https:\/\/elserratsl.com\/wp-content\/uploads\/2021\/03\/peluqueria-1024x678.jpg\" alt=\"\" class=\"wp-image-273 size-full\" srcset=\"https:\/\/elserratsl.com\/wp-content\/uploads\/2021\/03\/peluqueria-1024x678.jpg 1024w, https:\/\/elserratsl.com\/wp-content\/uploads\/2021\/03\/peluqueria-300x199.jpg 300w, https:\/\/elserratsl.com\/wp-content\/uploads\/2021\/03\/peluqueria-768x509.jpg 768w, https:\/\/elserratsl.com\/wp-content\/uploads\/2021\/03\/peluqueria.jpg 1200w\" sizes=\"auto, (max-width: 1024px) 100vw, 1024px\" \/><\/figure><div class=\"wp-block-media-text__content\">\n<h2 class=\"has-white-color has-text-color wp-block-heading\" style=\"font-size:35px\">Servicios complementarios<\/h2>\n\n\n\n<p class=\"has-white-color has-text-color\" style=\"font-size:18px\">Como servicios complementarios, ofrecemos <strong>peluquer\u00eda<\/strong> semanalmente, y <strong>podolog\u00eda<\/strong> una vez al mes.<\/p>\n<\/div><\/div>\n<\/div><\/section>\n<\/div><\/section>\n<\/div><\/div>\n","protected":false},"excerpt":{"rendered":"","protected":false},"author":1,"featured_media":0,"parent":0,"menu_order":3,"comment_status":"closed","ping_status":"closed","template":"","meta":{"inline_featured_image":false,"_uag_custom_page_level_css":"","site-sidebar-layout":"default","site-content-layout":"default","ast-global-header-display":"","ast-main-header-display":"","ast-hfb-above-header-display":"","ast-hfb-below-header-display":"","ast-hfb-mobile-header-display":"","site-post-title":"disabled","ast-breadcrumbs-content":"","ast-featured-img":"","footer-sml-layout":"","theme-transparent-header-meta":"default","adv-header-id-meta":"","stick-header-meta":"","header-above-stick-meta":"","header-main-stick-meta":"","header-below-stick-meta":"","pgc_sgb_lightbox_settings":"","footnotes":""},"class_list":["post-306","page","type-page","status-publish","hentry"],"uagb_featured_image_src":{"full":false,"thumbnail":false,"medium":false,"medium_large":false,"large":false,"1536x1536":false,"2048x2048":false},"uagb_author_info":{"display_name":"empiezapori","author_link":"https:\/\/elserratsl.com\/es\/author\/empiezapori\/"},"uagb_comment_info":0,"uagb_excerpt":null,"_links":{"self":[{"href":"https:\/\/elserratsl.com\/es\/wp-json\/wp\/v2\/pages\/306","targetHints":{"allow":["GET"]}}],"collection":[{"href":"https:\/\/elserratsl.com\/es\/wp-json\/wp\/v2\/pages"}],"about":[{"href":"https:\/\/elserratsl.com\/es\/wp-json\/wp\/v2\/types\/page"}],"author":[{"embeddable":true,"href":"https:\/\/elserratsl.com\/es\/wp-json\/wp\/v2\/users\/1"}],"replies":[{"embeddable":true,"href":"https:\/\/elserratsl.com\/es\/wp-json\/wp\/v2\/comments?post=306"}],"version-history":[{"count":5,"href":"https:\/\/elserratsl.com\/es\/wp-json\/wp\/v2\/pages\/306\/revisions"}],"predecessor-version":[{"id":626,"href":"https:\/\/elserratsl.com\/es\/wp-json\/wp\/v2\/pages\/306\/revisions\/626"}],"wp:attachment":[{"href":"https:\/\/elserratsl.com\/es\/wp-json\/wp\/v2\/media?parent=306"}],"curies":[{"name":"wp","href":"https:\/\/api.w.org\/{rel}","templated":true}]}}