{"id":511,"date":"2021-03-04T12:12:46","date_gmt":"2021-03-04T11:12:46","guid":{"rendered":"https:\/\/elserratsl.com\/instalaciones\/"},"modified":"2021-03-24T12:39:14","modified_gmt":"2021-03-24T11:39:14","slug":"instalaciones","status":"publish","type":"page","link":"https:\/\/elserratsl.com\/es\/instalaciones\/","title":{"rendered":"Instalaciones"},"content":{"rendered":"\n<section class=\"wp-block-uagb-section uagb-section__wrap uagb-section__background-undefined uagb-block-cfeb13a7\"><div class=\"uagb-section__overlay\"><\/div><div class=\"uagb-section__inner-wrap\">\n<section class=\"wp-block-uagb-section uagb-section__wrap uagb-section__background-undefined uagb-block-385eaf61\"><div class=\"uagb-section__overlay\"><\/div><div class=\"uagb-section__inner-wrap\">\n<div class=\"wp-block-columns is-layout-flex wp-container-core-columns-is-layout-28f84493 wp-block-columns-is-layout-flex\">\n<div class=\"wp-block-column is-layout-flow wp-block-column-is-layout-flow\">\n<figure class=\"wp-block-image alignwide size-large\"><img loading=\"lazy\" decoding=\"async\" width=\"1024\" height=\"768\" src=\"https:\/\/elserratsl.com\/wp-content\/uploads\/2021\/02\/Residencia-El-Serrat-habitacio-individual-01-1024x768.jpeg\" alt=\"Resid&#xE8;ncia El Serrat habitaci&#xF3;n individual\" class=\"wp-image-60\" srcset=\"https:\/\/elserratsl.com\/wp-content\/uploads\/2021\/02\/Residencia-El-Serrat-habitacio-individual-01-1024x768.jpeg 1024w, https:\/\/elserratsl.com\/wp-content\/uploads\/2021\/02\/Residencia-El-Serrat-habitacio-individual-01-300x225.jpeg 300w, https:\/\/elserratsl.com\/wp-content\/uploads\/2021\/02\/Residencia-El-Serrat-habitacio-individual-01-768x576.jpeg 768w, https:\/\/elserratsl.com\/wp-content\/uploads\/2021\/02\/Residencia-El-Serrat-habitacio-individual-01-1536x1152.jpeg 1536w, https:\/\/elserratsl.com\/wp-content\/uploads\/2021\/02\/Residencia-El-Serrat-habitacio-individual-01.jpeg 2048w\" sizes=\"auto, (max-width: 1024px) 100vw, 1024px\" \/><\/figure>\n\n\n\n<h2 class=\"wp-block-heading\">Pensada para ser un entorno c\u00e1lido y familiar<\/h2>\n\n\n\n<p>Las instalaciones est\u00e1n dise\u00f1adas para dar el m\u00e1ximo bienestar y seguridad a nuestros residentes. La Resid\u00e8ncia El Serrat est\u00e1 pensada para ser un entorno c\u00e1lido y familiar, con especial cuidado por los detalles. El edificio es totalmente accesible, y se distribuye en una planta baja con sal\u00f3n, comedor y gimnasio; y dos plantas con habitaciones dobles e individuales, todas ellas con balc\u00f3n o terraza y vistas a la monta\u00f1a. Algunos de los dormitorios disponen tambi\u00e9n de ba\u00f1o propio y televisor.<\/p>\n\n\n\n<p>El edificio est\u00e1 rodeado por mil metros cuadrados de jard\u00edn.<\/p>\n<\/div>\n\n\n\n<div class=\"wp-block-column is-layout-flow wp-block-column-is-layout-flow\">\n<div style=\"height:100px\" aria-hidden=\"true\" class=\"wp-block-spacer\"><\/div>\n\n\n\n<figure class=\"wp-block-image alignwide size-large\"><img loading=\"lazy\" decoding=\"async\" width=\"768\" height=\"1024\" src=\"https:\/\/elserratsl.com\/wp-content\/uploads\/2021\/02\/Residencia-El-Serrat-terrasa-768x1024.jpeg\" alt=\"\" class=\"wp-image-64\" srcset=\"https:\/\/elserratsl.com\/wp-content\/uploads\/2021\/02\/Residencia-El-Serrat-terrasa-768x1024.jpeg 768w, https:\/\/elserratsl.com\/wp-content\/uploads\/2021\/02\/Residencia-El-Serrat-terrasa-225x300.jpeg 225w, https:\/\/elserratsl.com\/wp-content\/uploads\/2021\/02\/Residencia-El-Serrat-terrasa-1152x1536.jpeg 1152w, https:\/\/elserratsl.com\/wp-content\/uploads\/2021\/02\/Residencia-El-Serrat-terrasa.jpeg 1536w\" sizes=\"auto, (max-width: 768px) 100vw, 768px\" \/><\/figure>\n<\/div>\n<\/div>\n<\/div><\/section>\n<\/div><\/section>\n\n<div class=\"wp-block-cover alignfull has-background-dim\" style=\"background-color:#f8f8f8\"><div class=\"wp-block-cover__inner-container is-layout-flow wp-block-cover-is-layout-flow\">\n<section class=\"wp-block-uagb-section uagb-section__wrap uagb-section__background-color uagb-block-f443c7d9\"><div class=\"uagb-section__overlay\"><\/div><div class=\"uagb-section__inner-wrap\"><div class=\"pgc-sgb-cb wp-block-pgcsimplygalleryblock-masonry \" data-gallery-id=\"b7d3026c_1614853831026\"><div class=\"sgb-preloader\" id=\"pr_b7d3026c_1614853831026\">\n\t<div class=\"sgb-square\" style=\"background:#d4d4d4\"><\/div>\n\t<div class=\"sgb-square\" style=\"background:#d4d4d4\"><\/div>\n\t<div class=\"sgb-square\" style=\"background:#d4d4d4\"><\/div>\n\t<div class=\"sgb-square\" style=\"background:#d4d4d4\"><\/div><\/div><div class=\"simply-gallery-amp pgc_sgb_slider \" style=\"display: none;\"><div class=\"sgb-gallery\"><div class=\"sgb-item\"><a href=\"https:\/\/elserratsl.com\/wp-content\/uploads\/2021\/02\/Residencia-El-Serrat-facana.jpeg\"><img decoding=\"async\" alt=\"\" width=\"225\" height=\"300\" loading=\"lazy\" src=\"https:\/\/elserratsl.com\/wp-content\/uploads\/2021\/02\/Residencia-El-Serrat-facana-225x300.jpeg\" srcset=\"https:\/\/elserratsl.com\/wp-content\/uploads\/2021\/02\/Residencia-El-Serrat-facana-225x300.jpeg 225w,https:\/\/elserratsl.com\/wp-content\/uploads\/2021\/02\/Residencia-El-Serrat-facana-768x1024.jpeg 768w,https:\/\/elserratsl.com\/wp-content\/uploads\/2021\/02\/Residencia-El-Serrat-facana.jpeg 1536w\" sizes=\"auto, 250px\"\/><\/a><\/div><div class=\"sgb-item\"><a href=\"https:\/\/elserratsl.com\/wp-content\/uploads\/2021\/03\/IMG_6290.jpeg\"><img decoding=\"async\" alt=\"\" width=\"300\" height=\"225\" loading=\"lazy\" src=\"https:\/\/elserratsl.com\/wp-content\/uploads\/2021\/03\/IMG_6290-300x225.jpeg\" srcset=\"https:\/\/elserratsl.com\/wp-content\/uploads\/2021\/03\/IMG_6290-300x225.jpeg 300w,https:\/\/elserratsl.com\/wp-content\/uploads\/2021\/03\/IMG_6290-1024x768.jpeg 1024w,https:\/\/elserratsl.com\/wp-content\/uploads\/2021\/03\/IMG_6290.jpeg 2048w\" sizes=\"auto, 250px\"\/><\/a><\/div><div class=\"sgb-item\"><a href=\"https:\/\/elserratsl.com\/wp-content\/uploads\/2021\/03\/IMG_6289.jpeg\"><img decoding=\"async\" alt=\"\" width=\"300\" height=\"225\" loading=\"lazy\" src=\"https:\/\/elserratsl.com\/wp-content\/uploads\/2021\/03\/IMG_6289-300x225.jpeg\" srcset=\"https:\/\/elserratsl.com\/wp-content\/uploads\/2021\/03\/IMG_6289-300x225.jpeg 300w,https:\/\/elserratsl.com\/wp-content\/uploads\/2021\/03\/IMG_6289-1024x768.jpeg 1024w,https:\/\/elserratsl.com\/wp-content\/uploads\/2021\/03\/IMG_6289.jpeg 2048w\" sizes=\"auto, 250px\"\/><\/a><\/div><div class=\"sgb-item\"><a href=\"https:\/\/elserratsl.com\/wp-content\/uploads\/2021\/03\/IMG_6282.jpeg\"><img decoding=\"async\" alt=\"\" width=\"300\" height=\"225\" loading=\"lazy\" src=\"https:\/\/elserratsl.com\/wp-content\/uploads\/2021\/03\/IMG_6282-300x225.jpeg\" srcset=\"https:\/\/elserratsl.com\/wp-content\/uploads\/2021\/03\/IMG_6282-300x225.jpeg 300w,https:\/\/elserratsl.com\/wp-content\/uploads\/2021\/03\/IMG_6282-1024x768.jpeg 1024w,https:\/\/elserratsl.com\/wp-content\/uploads\/2021\/03\/IMG_6282.jpeg 2048w\" sizes=\"auto, 250px\"\/><\/a><\/div><div class=\"sgb-item\"><a href=\"https:\/\/elserratsl.com\/wp-content\/uploads\/2021\/03\/IMG_6272.jpeg\"><img decoding=\"async\" alt=\"\" width=\"300\" height=\"225\" loading=\"lazy\" src=\"https:\/\/elserratsl.com\/wp-content\/uploads\/2021\/03\/IMG_6272-300x225.jpeg\" srcset=\"https:\/\/elserratsl.com\/wp-content\/uploads\/2021\/03\/IMG_6272-300x225.jpeg 300w,https:\/\/elserratsl.com\/wp-content\/uploads\/2021\/03\/IMG_6272-1024x768.jpeg 1024w,https:\/\/elserratsl.com\/wp-content\/uploads\/2021\/03\/IMG_6272.jpeg 2048w\" sizes=\"auto, 250px\"\/><\/a><\/div><div class=\"sgb-item\"><a href=\"https:\/\/elserratsl.com\/wp-content\/uploads\/2021\/03\/foto7-scaled.jpg\"><img decoding=\"async\" alt=\"\" width=\"300\" height=\"225\" loading=\"lazy\" src=\"https:\/\/elserratsl.com\/wp-content\/uploads\/2021\/03\/foto7-300x225.jpg\" srcset=\"https:\/\/elserratsl.com\/wp-content\/uploads\/2021\/03\/foto7-300x225.jpg 300w,https:\/\/elserratsl.com\/wp-content\/uploads\/2021\/03\/foto7-1024x768.jpg 1024w,https:\/\/elserratsl.com\/wp-content\/uploads\/2021\/03\/foto7-scaled.jpg 2560w\" sizes=\"auto, 250px\"\/><\/a><\/div><div class=\"sgb-item\"><a href=\"https:\/\/elserratsl.com\/wp-content\/uploads\/2021\/03\/foto5-scaled.jpg\"><img decoding=\"async\" alt=\"\" width=\"300\" height=\"225\" loading=\"lazy\" src=\"https:\/\/elserratsl.com\/wp-content\/uploads\/2021\/03\/foto5-300x225.jpg\" srcset=\"https:\/\/elserratsl.com\/wp-content\/uploads\/2021\/03\/foto5-300x225.jpg 300w,https:\/\/elserratsl.com\/wp-content\/uploads\/2021\/03\/foto5-1024x768.jpg 1024w,https:\/\/elserratsl.com\/wp-content\/uploads\/2021\/03\/foto5-scaled.jpg 2560w\" sizes=\"auto, 250px\"\/><\/a><\/div><div class=\"sgb-item\"><a href=\"https:\/\/elserratsl.com\/wp-content\/uploads\/2021\/02\/Residencia-El-Serrat-vista-exterior.jpeg\"><img decoding=\"async\" alt=\"\" width=\"300\" height=\"281\" loading=\"lazy\" src=\"https:\/\/elserratsl.com\/wp-content\/uploads\/2021\/02\/Residencia-El-Serrat-vista-exterior-300x281.jpeg\" srcset=\"https:\/\/elserratsl.com\/wp-content\/uploads\/2021\/02\/Residencia-El-Serrat-vista-exterior-300x281.jpeg 300w,https:\/\/elserratsl.com\/wp-content\/uploads\/2021\/02\/Residencia-El-Serrat-vista-exterior-1024x961.jpeg 1024w,https:\/\/elserratsl.com\/wp-content\/uploads\/2021\/02\/Residencia-El-Serrat-vista-exterior.jpeg 1637w\" sizes=\"auto, 250px\"\/><\/a><\/div><div class=\"sgb-item\"><a href=\"https:\/\/elserratsl.com\/wp-content\/uploads\/2021\/03\/foto6-scaled.jpg\"><img decoding=\"async\" alt=\"\" width=\"300\" height=\"225\" loading=\"lazy\" src=\"https:\/\/elserratsl.com\/wp-content\/uploads\/2021\/03\/foto6-300x225.jpg\" srcset=\"https:\/\/elserratsl.com\/wp-content\/uploads\/2021\/03\/foto6-300x225.jpg 300w,https:\/\/elserratsl.com\/wp-content\/uploads\/2021\/03\/foto6-1024x768.jpg 1024w,https:\/\/elserratsl.com\/wp-content\/uploads\/2021\/03\/foto6-scaled.jpg 2560w\" sizes=\"auto, 250px\"\/><\/a><\/div><div class=\"sgb-item\"><a href=\"https:\/\/elserratsl.com\/wp-content\/uploads\/2021\/02\/Residencia-El-Serrat-terrasa.jpeg\"><img decoding=\"async\" alt=\"\" width=\"225\" height=\"300\" loading=\"lazy\" src=\"https:\/\/elserratsl.com\/wp-content\/uploads\/2021\/02\/Residencia-El-Serrat-terrasa-225x300.jpeg\" srcset=\"https:\/\/elserratsl.com\/wp-content\/uploads\/2021\/02\/Residencia-El-Serrat-terrasa-225x300.jpeg 225w,https:\/\/elserratsl.com\/wp-content\/uploads\/2021\/02\/Residencia-El-Serrat-terrasa-768x1024.jpeg 768w,https:\/\/elserratsl.com\/wp-content\/uploads\/2021\/02\/Residencia-El-Serrat-terrasa.jpeg 1536w\" sizes=\"auto, 250px\"\/><\/a><\/div><div class=\"sgb-item\"><a href=\"https:\/\/elserratsl.com\/wp-content\/uploads\/2021\/02\/Residencia-El-Serrat-jardi.jpeg\"><img decoding=\"async\" alt=\"\" width=\"300\" height=\"225\" loading=\"lazy\" src=\"https:\/\/elserratsl.com\/wp-content\/uploads\/2021\/02\/Residencia-El-Serrat-jardi-300x225.jpeg\" srcset=\"https:\/\/elserratsl.com\/wp-content\/uploads\/2021\/02\/Residencia-El-Serrat-jardi-300x225.jpeg 300w,https:\/\/elserratsl.com\/wp-content\/uploads\/2021\/02\/Residencia-El-Serrat-jardi-1024x768.jpeg 1024w,https:\/\/elserratsl.com\/wp-content\/uploads\/2021\/02\/Residencia-El-Serrat-jardi.jpeg 2048w\" sizes=\"auto, 250px\"\/><\/a><\/div><div class=\"sgb-item\"><a href=\"https:\/\/elserratsl.com\/wp-content\/uploads\/2021\/02\/Residencia-El-Serrat-habitacio-individual-03.jpeg\"><img decoding=\"async\" alt=\"\" width=\"300\" height=\"225\" loading=\"lazy\" src=\"https:\/\/elserratsl.com\/wp-content\/uploads\/2021\/02\/Residencia-El-Serrat-habitacio-individual-03-300x225.jpeg\" srcset=\"https:\/\/elserratsl.com\/wp-content\/uploads\/2021\/02\/Residencia-El-Serrat-habitacio-individual-03-300x225.jpeg 300w,https:\/\/elserratsl.com\/wp-content\/uploads\/2021\/02\/Residencia-El-Serrat-habitacio-individual-03-1024x768.jpeg 1024w,https:\/\/elserratsl.com\/wp-content\/uploads\/2021\/02\/Residencia-El-Serrat-habitacio-individual-03.jpeg 2048w\" sizes=\"auto, 250px\"\/><\/a><\/div><div class=\"sgb-item\"><a href=\"https:\/\/elserratsl.com\/wp-content\/uploads\/2021\/02\/Residencia-El-Serrat-habitacio-individual-02.jpeg\"><img decoding=\"async\" alt=\"\" width=\"300\" height=\"225\" loading=\"lazy\" src=\"https:\/\/elserratsl.com\/wp-content\/uploads\/2021\/02\/Residencia-El-Serrat-habitacio-individual-02-300x225.jpeg\" srcset=\"https:\/\/elserratsl.com\/wp-content\/uploads\/2021\/02\/Residencia-El-Serrat-habitacio-individual-02-300x225.jpeg 300w,https:\/\/elserratsl.com\/wp-content\/uploads\/2021\/02\/Residencia-El-Serrat-habitacio-individual-02-1024x768.jpeg 1024w,https:\/\/elserratsl.com\/wp-content\/uploads\/2021\/02\/Residencia-El-Serrat-habitacio-individual-02.jpeg 2048w\" sizes=\"auto, 250px\"\/><\/a><\/div><div class=\"sgb-item\"><a href=\"https:\/\/elserratsl.com\/wp-content\/uploads\/2021\/02\/Residencia-El-Serrat-habitacio-individual-01.jpeg\"><img decoding=\"async\" alt=\"Resid\u00e8ncia El Serrat habitaci\u00f3 individual\" width=\"300\" height=\"225\" loading=\"lazy\" src=\"https:\/\/elserratsl.com\/wp-content\/uploads\/2021\/02\/Residencia-El-Serrat-habitacio-individual-01-300x225.jpeg\" srcset=\"https:\/\/elserratsl.com\/wp-content\/uploads\/2021\/02\/Residencia-El-Serrat-habitacio-individual-01-300x225.jpeg 300w,https:\/\/elserratsl.com\/wp-content\/uploads\/2021\/02\/Residencia-El-Serrat-habitacio-individual-01-1024x768.jpeg 1024w,https:\/\/elserratsl.com\/wp-content\/uploads\/2021\/02\/Residencia-El-Serrat-habitacio-individual-01.jpeg 2048w\" sizes=\"auto, 250px\"\/><\/a><\/div><div class=\"sgb-item\"><a href=\"https:\/\/elserratsl.com\/wp-content\/uploads\/2021\/02\/Residencia-El-Serrat-habitacio-doble-03.jpeg\"><img decoding=\"async\" alt=\"\" width=\"300\" height=\"225\" loading=\"lazy\" src=\"https:\/\/elserratsl.com\/wp-content\/uploads\/2021\/02\/Residencia-El-Serrat-habitacio-doble-03-300x225.jpeg\" srcset=\"https:\/\/elserratsl.com\/wp-content\/uploads\/2021\/02\/Residencia-El-Serrat-habitacio-doble-03-300x225.jpeg 300w,https:\/\/elserratsl.com\/wp-content\/uploads\/2021\/02\/Residencia-El-Serrat-habitacio-doble-03-1024x768.jpeg 1024w,https:\/\/elserratsl.com\/wp-content\/uploads\/2021\/02\/Residencia-El-Serrat-habitacio-doble-03.jpeg 2048w\" sizes=\"auto, 250px\"\/><\/a><\/div><div class=\"sgb-item\"><a href=\"https:\/\/elserratsl.com\/wp-content\/uploads\/2021\/02\/Residencia-El-Serrat-habitacio-doble-02.jpeg\"><img decoding=\"async\" alt=\"\" width=\"300\" height=\"225\" loading=\"lazy\" src=\"https:\/\/elserratsl.com\/wp-content\/uploads\/2021\/02\/Residencia-El-Serrat-habitacio-doble-02-300x225.jpeg\" srcset=\"https:\/\/elserratsl.com\/wp-content\/uploads\/2021\/02\/Residencia-El-Serrat-habitacio-doble-02-300x225.jpeg 300w,https:\/\/elserratsl.com\/wp-content\/uploads\/2021\/02\/Residencia-El-Serrat-habitacio-doble-02-1024x768.jpeg 1024w,https:\/\/elserratsl.com\/wp-content\/uploads\/2021\/02\/Residencia-El-Serrat-habitacio-doble-02.jpeg 2048w\" sizes=\"auto, 250px\"\/><\/a><\/div><div class=\"sgb-item\"><a href=\"https:\/\/elserratsl.com\/wp-content\/uploads\/2021\/02\/Residencia-El-Serrat-habitacio-doble-01.jpeg\"><img decoding=\"async\" alt=\"\" width=\"300\" height=\"225\" loading=\"lazy\" src=\"https:\/\/elserratsl.com\/wp-content\/uploads\/2021\/02\/Residencia-El-Serrat-habitacio-doble-01-300x225.jpeg\" srcset=\"https:\/\/elserratsl.com\/wp-content\/uploads\/2021\/02\/Residencia-El-Serrat-habitacio-doble-01-300x225.jpeg 300w,https:\/\/elserratsl.com\/wp-content\/uploads\/2021\/02\/Residencia-El-Serrat-habitacio-doble-01-1024x768.jpeg 1024w,https:\/\/elserratsl.com\/wp-content\/uploads\/2021\/02\/Residencia-El-Serrat-habitacio-doble-01.jpeg 2048w\" sizes=\"auto, 250px\"\/><\/a><\/div><\/div><\/div><script type=\"application\/json\" class=\"sgb-data\">{\"tagsFilter\":true,\"tagCloudAll\":\"Totes\",\"collectionColumns\":2,\"thumbSpacing\":15,\"externalLinkDefName\":\"Llegir m\u00e9s\",\"galleryType\":\"pgc_sgb_masonry\",\"galleryId\":\"b7d3026c_1614853831026\",\"images\":[{\"id\":56,\"title\":\"Resid\u00e8ncia El Serrat fa\u00e7ana\",\"url\":\"https:\/\/elserratsl.com\/wp-content\/uploads\/2021\/02\/Residencia-El-Serrat-facana.jpeg\",\"link\":\"\",\"alt\":\"\",\"description\":\"\",\"caption\":\"\",\"mime\":\"image\/jpeg\",\"type\":\"image\",\"width\":1536,\"height\":2048,\"sizes\":{\"thumbnail\":{\"height\":150,\"width\":150,\"url\":\"https:\/\/elserratsl.com\/wp-content\/uploads\/2021\/02\/Residencia-El-Serrat-facana-150x150.jpeg\",\"orientation\":\"landscape\"},\"medium\":{\"height\":300,\"width\":225,\"url\":\"https:\/\/elserratsl.com\/wp-content\/uploads\/2021\/02\/Residencia-El-Serrat-facana-225x300.jpeg\",\"orientation\":\"portrait\"},\"large\":{\"height\":1024,\"width\":768,\"url\":\"https:\/\/elserratsl.com\/wp-content\/uploads\/2021\/02\/Residencia-El-Serrat-facana-768x1024.jpeg\",\"orientation\":\"portrait\"},\"full\":{\"url\":\"https:\/\/elserratsl.com\/wp-content\/uploads\/2021\/02\/Residencia-El-Serrat-facana.jpeg\",\"height\":2048,\"width\":1536,\"orientation\":\"portrait\"}},\"meta\":false,\"linkTarget\":\"_self\",\"linkText\":\"Llegir m\u00e9s\",\"tags\":[\"Exterior\"]},{\"id\":381,\"title\":\"IMG_6290\",\"url\":\"https:\/\/elserratsl.com\/wp-content\/uploads\/2021\/03\/IMG_6290.jpeg\",\"link\":\"\",\"alt\":\"\",\"description\":\"\",\"caption\":\"\",\"mime\":\"image\/jpeg\",\"type\":\"image\",\"width\":2048,\"height\":1536,\"sizes\":{\"thumbnail\":{\"height\":150,\"width\":150,\"url\":\"https:\/\/elserratsl.com\/wp-content\/uploads\/2021\/03\/IMG_6290-150x150.jpeg\",\"orientation\":\"landscape\"},\"medium\":{\"height\":225,\"width\":300,\"url\":\"https:\/\/elserratsl.com\/wp-content\/uploads\/2021\/03\/IMG_6290-300x225.jpeg\",\"orientation\":\"landscape\"},\"large\":{\"height\":768,\"width\":1024,\"url\":\"https:\/\/elserratsl.com\/wp-content\/uploads\/2021\/03\/IMG_6290-1024x768.jpeg\",\"orientation\":\"landscape\"},\"full\":{\"url\":\"https:\/\/elserratsl.com\/wp-content\/uploads\/2021\/03\/IMG_6290.jpeg\",\"height\":1536,\"width\":2048,\"orientation\":\"landscape\"}},\"meta\":false,\"linkTarget\":\"_self\",\"linkText\":\"Llegir m\u00e9s\",\"tags\":[\"Interior\"]},{\"id\":379,\"title\":\"IMG_6289\",\"url\":\"https:\/\/elserratsl.com\/wp-content\/uploads\/2021\/03\/IMG_6289.jpeg\",\"link\":\"\",\"alt\":\"\",\"description\":\"\",\"caption\":\"\",\"mime\":\"image\/jpeg\",\"type\":\"image\",\"width\":2048,\"height\":1536,\"sizes\":{\"thumbnail\":{\"height\":150,\"width\":150,\"url\":\"https:\/\/elserratsl.com\/wp-content\/uploads\/2021\/03\/IMG_6289-150x150.jpeg\",\"orientation\":\"landscape\"},\"medium\":{\"height\":225,\"width\":300,\"url\":\"https:\/\/elserratsl.com\/wp-content\/uploads\/2021\/03\/IMG_6289-300x225.jpeg\",\"orientation\":\"landscape\"},\"large\":{\"height\":768,\"width\":1024,\"url\":\"https:\/\/elserratsl.com\/wp-content\/uploads\/2021\/03\/IMG_6289-1024x768.jpeg\",\"orientation\":\"landscape\"},\"full\":{\"url\":\"https:\/\/elserratsl.com\/wp-content\/uploads\/2021\/03\/IMG_6289.jpeg\",\"height\":1536,\"width\":2048,\"orientation\":\"landscape\"}},\"meta\":false,\"linkTarget\":\"_self\",\"linkText\":\"Llegir m\u00e9s\",\"tags\":[\"Interior\"]},{\"id\":373,\"title\":\"IMG_6282\",\"url\":\"https:\/\/elserratsl.com\/wp-content\/uploads\/2021\/03\/IMG_6282.jpeg\",\"link\":\"\",\"alt\":\"\",\"description\":\"\",\"caption\":\"\",\"mime\":\"image\/jpeg\",\"type\":\"image\",\"width\":2048,\"height\":1536,\"sizes\":{\"thumbnail\":{\"height\":150,\"width\":150,\"url\":\"https:\/\/elserratsl.com\/wp-content\/uploads\/2021\/03\/IMG_6282-150x150.jpeg\",\"orientation\":\"landscape\"},\"medium\":{\"height\":225,\"width\":300,\"url\":\"https:\/\/elserratsl.com\/wp-content\/uploads\/2021\/03\/IMG_6282-300x225.jpeg\",\"orientation\":\"landscape\"},\"large\":{\"height\":768,\"width\":1024,\"url\":\"https:\/\/elserratsl.com\/wp-content\/uploads\/2021\/03\/IMG_6282-1024x768.jpeg\",\"orientation\":\"landscape\"},\"full\":{\"url\":\"https:\/\/elserratsl.com\/wp-content\/uploads\/2021\/03\/IMG_6282.jpeg\",\"height\":1536,\"width\":2048,\"orientation\":\"landscape\"}},\"meta\":false,\"linkTarget\":\"_self\",\"linkText\":\"Llegir m\u00e9s\",\"tags\":[\"Interior\"]},{\"id\":367,\"title\":\"IMG_6272\",\"url\":\"https:\/\/elserratsl.com\/wp-content\/uploads\/2021\/03\/IMG_6272.jpeg\",\"link\":\"\",\"alt\":\"\",\"description\":\"\",\"caption\":\"\",\"mime\":\"image\/jpeg\",\"type\":\"image\",\"width\":2048,\"height\":1536,\"sizes\":{\"thumbnail\":{\"height\":150,\"width\":150,\"url\":\"https:\/\/elserratsl.com\/wp-content\/uploads\/2021\/03\/IMG_6272-150x150.jpeg\",\"orientation\":\"landscape\"},\"medium\":{\"height\":225,\"width\":300,\"url\":\"https:\/\/elserratsl.com\/wp-content\/uploads\/2021\/03\/IMG_6272-300x225.jpeg\",\"orientation\":\"landscape\"},\"large\":{\"height\":768,\"width\":1024,\"url\":\"https:\/\/elserratsl.com\/wp-content\/uploads\/2021\/03\/IMG_6272-1024x768.jpeg\",\"orientation\":\"landscape\"},\"full\":{\"url\":\"https:\/\/elserratsl.com\/wp-content\/uploads\/2021\/03\/IMG_6272.jpeg\",\"height\":1536,\"width\":2048,\"orientation\":\"landscape\"}},\"meta\":false,\"linkTarget\":\"_self\",\"linkText\":\"Llegir m\u00e9s\",\"tags\":[\"Interior\"]},{\"id\":770,\"title\":\"foto7\",\"url\":\"https:\/\/elserratsl.com\/wp-content\/uploads\/2021\/03\/foto7-scaled.jpg\",\"link\":\"\",\"alt\":\"\",\"description\":\"\",\"caption\":\"\",\"mime\":\"image\/jpeg\",\"type\":\"image\",\"width\":2560,\"height\":1920,\"sizes\":{\"thumbnail\":{\"height\":150,\"width\":150,\"url\":\"https:\/\/elserratsl.com\/wp-content\/uploads\/2021\/03\/foto7-150x150.jpg\",\"orientation\":\"landscape\"},\"medium\":{\"height\":225,\"width\":300,\"url\":\"https:\/\/elserratsl.com\/wp-content\/uploads\/2021\/03\/foto7-300x225.jpg\",\"orientation\":\"landscape\"},\"large\":{\"height\":768,\"width\":1024,\"url\":\"https:\/\/elserratsl.com\/wp-content\/uploads\/2021\/03\/foto7-1024x768.jpg\",\"orientation\":\"landscape\"},\"full\":{\"url\":\"https:\/\/elserratsl.com\/wp-content\/uploads\/2021\/03\/foto7-scaled.jpg\",\"height\":1920,\"width\":2560,\"orientation\":\"landscape\"}},\"meta\":false,\"linkTarget\":\"_self\",\"linkText\":\"Llegir m\u00e9s\",\"tags\":[\"Interior\"]},{\"id\":766,\"title\":\"foto5\",\"url\":\"https:\/\/elserratsl.com\/wp-content\/uploads\/2021\/03\/foto5-scaled.jpg\",\"link\":\"\",\"alt\":\"\",\"description\":\"\",\"caption\":\"\",\"mime\":\"image\/jpeg\",\"type\":\"image\",\"width\":2560,\"height\":1920,\"sizes\":{\"thumbnail\":{\"height\":150,\"width\":150,\"url\":\"https:\/\/elserratsl.com\/wp-content\/uploads\/2021\/03\/foto5-150x150.jpg\",\"orientation\":\"landscape\"},\"medium\":{\"height\":225,\"width\":300,\"url\":\"https:\/\/elserratsl.com\/wp-content\/uploads\/2021\/03\/foto5-300x225.jpg\",\"orientation\":\"landscape\"},\"large\":{\"height\":768,\"width\":1024,\"url\":\"https:\/\/elserratsl.com\/wp-content\/uploads\/2021\/03\/foto5-1024x768.jpg\",\"orientation\":\"landscape\"},\"full\":{\"url\":\"https:\/\/elserratsl.com\/wp-content\/uploads\/2021\/03\/foto5-scaled.jpg\",\"height\":1920,\"width\":2560,\"orientation\":\"landscape\"}},\"meta\":false,\"linkTarget\":\"_self\",\"linkText\":\"Llegir m\u00e9s\",\"tags\":[\"Interior\"]},{\"id\":65,\"title\":\"Resid\u00e8ncia El Serrat vista exterior\",\"url\":\"https:\/\/elserratsl.com\/wp-content\/uploads\/2021\/02\/Residencia-El-Serrat-vista-exterior.jpeg\",\"link\":\"\",\"alt\":\"\",\"description\":\"\",\"caption\":\"\",\"mime\":\"image\/jpeg\",\"type\":\"image\",\"width\":1637,\"height\":1536,\"sizes\":{\"thumbnail\":{\"height\":150,\"width\":150,\"url\":\"https:\/\/elserratsl.com\/wp-content\/uploads\/2021\/02\/Residencia-El-Serrat-vista-exterior-150x150.jpeg\",\"orientation\":\"landscape\"},\"medium\":{\"height\":281,\"width\":300,\"url\":\"https:\/\/elserratsl.com\/wp-content\/uploads\/2021\/02\/Residencia-El-Serrat-vista-exterior-300x281.jpeg\",\"orientation\":\"landscape\"},\"large\":{\"height\":961,\"width\":1024,\"url\":\"https:\/\/elserratsl.com\/wp-content\/uploads\/2021\/02\/Residencia-El-Serrat-vista-exterior-1024x961.jpeg\",\"orientation\":\"landscape\"},\"full\":{\"url\":\"https:\/\/elserratsl.com\/wp-content\/uploads\/2021\/02\/Residencia-El-Serrat-vista-exterior.jpeg\",\"height\":1536,\"width\":1637,\"orientation\":\"landscape\"}},\"meta\":false,\"linkTarget\":\"_self\",\"linkText\":\"Llegir m\u00e9s\",\"tags\":[\"Exterior\"]},{\"id\":768,\"title\":\"foto6\",\"url\":\"https:\/\/elserratsl.com\/wp-content\/uploads\/2021\/03\/foto6-scaled.jpg\",\"link\":\"\",\"alt\":\"\",\"description\":\"\",\"caption\":\"\",\"mime\":\"image\/jpeg\",\"type\":\"image\",\"width\":2560,\"height\":1920,\"sizes\":{\"thumbnail\":{\"height\":150,\"width\":150,\"url\":\"https:\/\/elserratsl.com\/wp-content\/uploads\/2021\/03\/foto6-150x150.jpg\",\"orientation\":\"landscape\"},\"medium\":{\"height\":225,\"width\":300,\"url\":\"https:\/\/elserratsl.com\/wp-content\/uploads\/2021\/03\/foto6-300x225.jpg\",\"orientation\":\"landscape\"},\"large\":{\"height\":768,\"width\":1024,\"url\":\"https:\/\/elserratsl.com\/wp-content\/uploads\/2021\/03\/foto6-1024x768.jpg\",\"orientation\":\"landscape\"},\"full\":{\"url\":\"https:\/\/elserratsl.com\/wp-content\/uploads\/2021\/03\/foto6-scaled.jpg\",\"height\":1920,\"width\":2560,\"orientation\":\"landscape\"}},\"meta\":false,\"linkTarget\":\"_self\",\"linkText\":\"Llegir m\u00e9s\",\"tags\":[\"Interior\"]},{\"id\":64,\"title\":\"Resid\u00e8ncia El Serrat terrasa\",\"url\":\"https:\/\/elserratsl.com\/wp-content\/uploads\/2021\/02\/Residencia-El-Serrat-terrasa.jpeg\",\"link\":\"\",\"alt\":\"\",\"description\":\"\",\"caption\":\"\",\"mime\":\"image\/jpeg\",\"type\":\"image\",\"width\":1536,\"height\":2048,\"sizes\":{\"thumbnail\":{\"height\":150,\"width\":150,\"url\":\"https:\/\/elserratsl.com\/wp-content\/uploads\/2021\/02\/Residencia-El-Serrat-terrasa-150x150.jpeg\",\"orientation\":\"landscape\"},\"medium\":{\"height\":300,\"width\":225,\"url\":\"https:\/\/elserratsl.com\/wp-content\/uploads\/2021\/02\/Residencia-El-Serrat-terrasa-225x300.jpeg\",\"orientation\":\"portrait\"},\"large\":{\"height\":1024,\"width\":768,\"url\":\"https:\/\/elserratsl.com\/wp-content\/uploads\/2021\/02\/Residencia-El-Serrat-terrasa-768x1024.jpeg\",\"orientation\":\"portrait\"},\"full\":{\"url\":\"https:\/\/elserratsl.com\/wp-content\/uploads\/2021\/02\/Residencia-El-Serrat-terrasa.jpeg\",\"height\":2048,\"width\":1536,\"orientation\":\"portrait\"}},\"meta\":false,\"linkTarget\":\"_self\",\"linkText\":\"Llegir m\u00e9s\",\"tags\":[\"Exterior\"]},{\"id\":63,\"title\":\"Resid\u00e8ncia El Serrat jard\u00ed\",\"url\":\"https:\/\/elserratsl.com\/wp-content\/uploads\/2021\/02\/Residencia-El-Serrat-jardi.jpeg\",\"link\":\"\",\"alt\":\"\",\"description\":\"\",\"caption\":\"\",\"mime\":\"image\/jpeg\",\"type\":\"image\",\"width\":2048,\"height\":1536,\"sizes\":{\"thumbnail\":{\"height\":150,\"width\":150,\"url\":\"https:\/\/elserratsl.com\/wp-content\/uploads\/2021\/02\/Residencia-El-Serrat-jardi-150x150.jpeg\",\"orientation\":\"landscape\"},\"medium\":{\"height\":225,\"width\":300,\"url\":\"https:\/\/elserratsl.com\/wp-content\/uploads\/2021\/02\/Residencia-El-Serrat-jardi-300x225.jpeg\",\"orientation\":\"landscape\"},\"large\":{\"height\":768,\"width\":1024,\"url\":\"https:\/\/elserratsl.com\/wp-content\/uploads\/2021\/02\/Residencia-El-Serrat-jardi-1024x768.jpeg\",\"orientation\":\"landscape\"},\"full\":{\"url\":\"https:\/\/elserratsl.com\/wp-content\/uploads\/2021\/02\/Residencia-El-Serrat-jardi.jpeg\",\"height\":1536,\"width\":2048,\"orientation\":\"landscape\"}},\"meta\":false,\"linkTarget\":\"_self\",\"linkText\":\"Llegir m\u00e9s\",\"tags\":[\"Exterior\"]},{\"id\":62,\"title\":\"Resid\u00e8ncia El Serrat habitaci\u00f3 individual 03\",\"url\":\"https:\/\/elserratsl.com\/wp-content\/uploads\/2021\/02\/Residencia-El-Serrat-habitacio-individual-03.jpeg\",\"link\":\"\",\"alt\":\"\",\"description\":\"\",\"caption\":\"\",\"mime\":\"image\/jpeg\",\"type\":\"image\",\"width\":2048,\"height\":1536,\"sizes\":{\"thumbnail\":{\"height\":150,\"width\":150,\"url\":\"https:\/\/elserratsl.com\/wp-content\/uploads\/2021\/02\/Residencia-El-Serrat-habitacio-individual-03-150x150.jpeg\",\"orientation\":\"landscape\"},\"medium\":{\"height\":225,\"width\":300,\"url\":\"https:\/\/elserratsl.com\/wp-content\/uploads\/2021\/02\/Residencia-El-Serrat-habitacio-individual-03-300x225.jpeg\",\"orientation\":\"landscape\"},\"large\":{\"height\":768,\"width\":1024,\"url\":\"https:\/\/elserratsl.com\/wp-content\/uploads\/2021\/02\/Residencia-El-Serrat-habitacio-individual-03-1024x768.jpeg\",\"orientation\":\"landscape\"},\"full\":{\"url\":\"https:\/\/elserratsl.com\/wp-content\/uploads\/2021\/02\/Residencia-El-Serrat-habitacio-individual-03.jpeg\",\"height\":1536,\"width\":2048,\"orientation\":\"landscape\"}},\"meta\":false,\"linkTarget\":\"_self\",\"linkText\":\"Llegir m\u00e9s\",\"tags\":[\"Habitaci\u00f3 individual\"]},{\"id\":61,\"title\":\"Resid\u00e8ncia El Serrat habitaci\u00f3 individual 02\",\"url\":\"https:\/\/elserratsl.com\/wp-content\/uploads\/2021\/02\/Residencia-El-Serrat-habitacio-individual-02.jpeg\",\"link\":\"\",\"alt\":\"\",\"description\":\"\",\"caption\":\"\",\"mime\":\"image\/jpeg\",\"type\":\"image\",\"width\":2048,\"height\":1536,\"sizes\":{\"thumbnail\":{\"height\":150,\"width\":150,\"url\":\"https:\/\/elserratsl.com\/wp-content\/uploads\/2021\/02\/Residencia-El-Serrat-habitacio-individual-02-150x150.jpeg\",\"orientation\":\"landscape\"},\"medium\":{\"height\":225,\"width\":300,\"url\":\"https:\/\/elserratsl.com\/wp-content\/uploads\/2021\/02\/Residencia-El-Serrat-habitacio-individual-02-300x225.jpeg\",\"orientation\":\"landscape\"},\"large\":{\"height\":768,\"width\":1024,\"url\":\"https:\/\/elserratsl.com\/wp-content\/uploads\/2021\/02\/Residencia-El-Serrat-habitacio-individual-02-1024x768.jpeg\",\"orientation\":\"landscape\"},\"full\":{\"url\":\"https:\/\/elserratsl.com\/wp-content\/uploads\/2021\/02\/Residencia-El-Serrat-habitacio-individual-02.jpeg\",\"height\":1536,\"width\":2048,\"orientation\":\"landscape\"}},\"meta\":false,\"linkTarget\":\"_self\",\"linkText\":\"Llegir m\u00e9s\",\"tags\":[\"Habitaci\u00f3 individual\"]},{\"id\":60,\"title\":\"Resid\u00e8ncia El Serrat habitaci\u00f3 individual 01\",\"url\":\"https:\/\/elserratsl.com\/wp-content\/uploads\/2021\/02\/Residencia-El-Serrat-habitacio-individual-01.jpeg\",\"link\":\"\",\"alt\":\"Resid\u00e8ncia El Serrat habitaci\u00f3 individual\",\"description\":\"\",\"caption\":\"\",\"mime\":\"image\/jpeg\",\"type\":\"image\",\"width\":2048,\"height\":1536,\"sizes\":{\"thumbnail\":{\"height\":150,\"width\":150,\"url\":\"https:\/\/elserratsl.com\/wp-content\/uploads\/2021\/02\/Residencia-El-Serrat-habitacio-individual-01-150x150.jpeg\",\"orientation\":\"landscape\"},\"medium\":{\"height\":225,\"width\":300,\"url\":\"https:\/\/elserratsl.com\/wp-content\/uploads\/2021\/02\/Residencia-El-Serrat-habitacio-individual-01-300x225.jpeg\",\"orientation\":\"landscape\"},\"large\":{\"height\":768,\"width\":1024,\"url\":\"https:\/\/elserratsl.com\/wp-content\/uploads\/2021\/02\/Residencia-El-Serrat-habitacio-individual-01-1024x768.jpeg\",\"orientation\":\"landscape\"},\"full\":{\"url\":\"https:\/\/elserratsl.com\/wp-content\/uploads\/2021\/02\/Residencia-El-Serrat-habitacio-individual-01.jpeg\",\"height\":1536,\"width\":2048,\"orientation\":\"landscape\"}},\"meta\":false,\"linkTarget\":\"_self\",\"linkText\":\"Llegir m\u00e9s\",\"tags\":[\"Habitaci\u00f3 individual\"]},{\"id\":59,\"title\":\"Resid\u00e8ncia El Serrat habitaci\u00f3 doble 03\",\"url\":\"https:\/\/elserratsl.com\/wp-content\/uploads\/2021\/02\/Residencia-El-Serrat-habitacio-doble-03.jpeg\",\"link\":\"\",\"alt\":\"\",\"description\":\"\",\"caption\":\"\",\"mime\":\"image\/jpeg\",\"type\":\"image\",\"width\":2048,\"height\":1536,\"sizes\":{\"thumbnail\":{\"height\":150,\"width\":150,\"url\":\"https:\/\/elserratsl.com\/wp-content\/uploads\/2021\/02\/Residencia-El-Serrat-habitacio-doble-03-150x150.jpeg\",\"orientation\":\"landscape\"},\"medium\":{\"height\":225,\"width\":300,\"url\":\"https:\/\/elserratsl.com\/wp-content\/uploads\/2021\/02\/Residencia-El-Serrat-habitacio-doble-03-300x225.jpeg\",\"orientation\":\"landscape\"},\"large\":{\"height\":768,\"width\":1024,\"url\":\"https:\/\/elserratsl.com\/wp-content\/uploads\/2021\/02\/Residencia-El-Serrat-habitacio-doble-03-1024x768.jpeg\",\"orientation\":\"landscape\"},\"full\":{\"url\":\"https:\/\/elserratsl.com\/wp-content\/uploads\/2021\/02\/Residencia-El-Serrat-habitacio-doble-03.jpeg\",\"height\":1536,\"width\":2048,\"orientation\":\"landscape\"}},\"meta\":false,\"linkTarget\":\"_self\",\"linkText\":\"Llegir m\u00e9s\",\"tags\":[\"Habitaci\u00f3 doble\"]},{\"id\":58,\"title\":\"Resid\u00e8ncia El Serrat habitaci\u00f3 doble 02\",\"url\":\"https:\/\/elserratsl.com\/wp-content\/uploads\/2021\/02\/Residencia-El-Serrat-habitacio-doble-02.jpeg\",\"link\":\"\",\"alt\":\"\",\"description\":\"\",\"caption\":\"\",\"mime\":\"image\/jpeg\",\"type\":\"image\",\"width\":2048,\"height\":1536,\"sizes\":{\"thumbnail\":{\"height\":150,\"width\":150,\"url\":\"https:\/\/elserratsl.com\/wp-content\/uploads\/2021\/02\/Residencia-El-Serrat-habitacio-doble-02-150x150.jpeg\",\"orientation\":\"landscape\"},\"medium\":{\"height\":225,\"width\":300,\"url\":\"https:\/\/elserratsl.com\/wp-content\/uploads\/2021\/02\/Residencia-El-Serrat-habitacio-doble-02-300x225.jpeg\",\"orientation\":\"landscape\"},\"large\":{\"height\":768,\"width\":1024,\"url\":\"https:\/\/elserratsl.com\/wp-content\/uploads\/2021\/02\/Residencia-El-Serrat-habitacio-doble-02-1024x768.jpeg\",\"orientation\":\"landscape\"},\"full\":{\"url\":\"https:\/\/elserratsl.com\/wp-content\/uploads\/2021\/02\/Residencia-El-Serrat-habitacio-doble-02.jpeg\",\"height\":1536,\"width\":2048,\"orientation\":\"landscape\"}},\"meta\":false,\"linkTarget\":\"_self\",\"linkText\":\"Llegir m\u00e9s\",\"tags\":[\"Habitaci\u00f3 doble\"]},{\"id\":57,\"title\":\"Resid\u00e8ncia El Serrat habitaci\u00f3 doble 01\",\"url\":\"https:\/\/elserratsl.com\/wp-content\/uploads\/2021\/02\/Residencia-El-Serrat-habitacio-doble-01.jpeg\",\"link\":\"\",\"alt\":\"\",\"description\":\"\",\"caption\":\"\",\"mime\":\"image\/jpeg\",\"type\":\"image\",\"width\":2048,\"height\":1536,\"sizes\":{\"thumbnail\":{\"height\":150,\"width\":150,\"url\":\"https:\/\/elserratsl.com\/wp-content\/uploads\/2021\/02\/Residencia-El-Serrat-habitacio-doble-01-150x150.jpeg\",\"orientation\":\"landscape\"},\"medium\":{\"height\":225,\"width\":300,\"url\":\"https:\/\/elserratsl.com\/wp-content\/uploads\/2021\/02\/Residencia-El-Serrat-habitacio-doble-01-300x225.jpeg\",\"orientation\":\"landscape\"},\"large\":{\"height\":768,\"width\":1024,\"url\":\"https:\/\/elserratsl.com\/wp-content\/uploads\/2021\/02\/Residencia-El-Serrat-habitacio-doble-01-1024x768.jpeg\",\"orientation\":\"landscape\"},\"full\":{\"url\":\"https:\/\/elserratsl.com\/wp-content\/uploads\/2021\/02\/Residencia-El-Serrat-habitacio-doble-01.jpeg\",\"height\":1536,\"width\":2048,\"orientation\":\"landscape\"}},\"meta\":false,\"linkTarget\":\"_self\",\"linkText\":\"Llegir m\u00e9s\",\"tags\":[\"Habitaci\u00f3 doble\"]}],\"itemsMetaDataCollection\":[{\"link\":\"\",\"linkTarget\":\"_self\",\"linkText\":\"\",\"tags\":[\"Exterior\"],\"id\":\"56\"},{\"link\":\"\",\"linkTarget\":\"_self\",\"linkText\":\"\",\"tags\":[\"Habitaci\u00f3 doble\"],\"id\":\"57\"},{\"link\":\"\",\"linkTarget\":\"_self\",\"linkText\":\"\",\"tags\":[\"Habitaci\u00f3 doble\"],\"id\":\"58\"},{\"link\":\"\",\"linkTarget\":\"_self\",\"linkText\":\"\",\"tags\":[\"Habitaci\u00f3 doble\"],\"id\":\"59\"},{\"link\":\"\",\"linkTarget\":\"_self\",\"linkText\":\"\",\"tags\":[\"Habitaci\u00f3 individual\"],\"id\":\"60\"},{\"link\":\"\",\"linkTarget\":\"_self\",\"linkText\":\"\",\"tags\":[\"Habitaci\u00f3 individual\"],\"id\":\"61\"},{\"link\":\"\",\"linkTarget\":\"_self\",\"linkText\":\"\",\"tags\":[\"Habitaci\u00f3 individual\"],\"id\":\"62\"},{\"link\":\"\",\"linkTarget\":\"_self\",\"linkText\":\"\",\"tags\":[\"Exterior\"],\"id\":\"63\"},{\"link\":\"\",\"linkTarget\":\"_self\",\"linkText\":\"\",\"tags\":[\"Exterior\"],\"id\":\"64\"},{\"link\":\"\",\"linkTarget\":\"_self\",\"linkText\":\"\",\"tags\":[\"Exterior\"],\"id\":\"65\"},{\"link\":\"\",\"linkTarget\":\"_self\",\"linkText\":\"\",\"tags\":[\"Interior\"],\"id\":\"367\"},{\"link\":\"\",\"linkTarget\":\"_self\",\"linkText\":\"\",\"tags\":[\"Interior\"],\"id\":\"373\"},{\"link\":\"\",\"linkTarget\":\"_self\",\"linkText\":\"\",\"tags\":[\"Interior\"],\"id\":\"379\"},{\"link\":\"\",\"linkTarget\":\"_self\",\"linkText\":\"\",\"tags\":[\"Interior\"],\"id\":\"381\"},{\"link\":\"\",\"linkTarget\":\"_self\",\"linkText\":\"\",\"tags\":[\"Interior\"],\"id\":\"770\"},{\"link\":\"\",\"linkTarget\":\"_self\",\"linkText\":\"\",\"tags\":[\"Interior\"],\"id\":\"768\"},{\"link\":\"\",\"linkTarget\":\"_self\",\"linkText\":\"\",\"tags\":[\"Interior\"],\"id\":\"766\"}],\"galleryTagsList\":[\"Exterior\",\"Habitaci\u00f3 doble\",\"Habitaci\u00f3 individual\",\"Interior\"],\"galleryTagsListSrc\":{\"exterior\":\"Exterior\",\"habitaci\u00f3_doble\":\"Habitaci\u00f3 doble\",\"habitaci\u00f3_individual\":\"Habitaci\u00f3 individual\",\"interior\":\"Interior\"},\"galleryData\":\"{\\u0022copyRProtection\\u0022:true,\\u0022copyRAlert\\u0022:\\u0022Hello, this photo is mine!\\u0022,\\u0022sliderScrollNavi\\u0022:false,\\u0022sliderNextPrevAnimation\\u0022:\\u0022animation\\u0022,\\u0022galleryScrollPositionControll\\u0022:false,\\u0022sliderVideoAutoPlay\\u0022:false,\\u0022sliderItemCounterEnable\\u0022:true,\\u0022sliderCaptionSrc\\u0022:\\u0022caption\\u0022,\\u0022sliderItemTitleEnable\\u0022:false,\\u0022sliderItemTitleFontSize\\u0022:18,\\u0022sliderItemTitleTextColor\\u0022:\\u0022rgba(255,255,255,1)\\u0022,\\u0022itemCounterColor\\u0022:\\u0022rgba(255,255,255,1)\\u0022,\\u0022sliderThumbBarEnable\\u0022:true,\\u0022sliderThumbBarHoverColor\\u0022:\\u0022rgba(240,240,240,1)\\u0022,\\u0022sliderBgColor\\u0022:\\u0022rgba(0,0,0,0.8)\\u0022,\\u0022sliderPreloaderColor\\u0022:\\u0022rgba(240,240,240,1)\\u0022,\\u0022sliderHeaderFooterBgColor\\u0022:\\u0022rgba(0,0,0,0.4)\\u0022,\\u0022sliderNavigationColor\\u0022:\\u0022rgba(0,0,0,1)\\u0022,\\u0022sliderNavigationColorOver\\u0022:\\u0022rgba(255,255,255,1)\\u0022,\\u0022sliderNavigationIconColor\\u0022:\\u0022rgba(255,255,255,1)\\u0022,\\u0022sliderNavigationIconColorOver\\u0022:\\u0022rgba(0,0,0,1)\\u0022,\\u0022sliderSlideshow\\u0022:true,\\u0022sliderSlideshowDelay\\u0022:8,\\u0022slideshowIndicatorColor\\u0022:\\u0022rgba(255,255,255,1)\\u0022,\\u0022slideshowIndicatorColorBg\\u0022:\\u0022rgba(255,255,255,0.5)\\u0022,\\u0022sliderThumbSubMenuBackgroundColor\\u0022:\\u0022rgba(255,255,255,0)\\u0022,\\u0022sliderThumbSubMenuBackgroundColorOver\\u0022:\\u0022rgba(255,255,255,1)\\u0022,\\u0022sliderThumbSubMenuIconColor\\u0022:\\u0022rgba(255,255,255,1)\\u0022,\\u0022sliderThumbSubMenuIconHoverColor\\u0022:\\u0022rgba(0,0,0,1)\\u0022,\\u0022sliderSocialShareEnabled\\u0022:true,\\u0022sliderZoomEnable\\u0022:true,\\u0022sliderFullscreenEnabled\\u0022:true,\\u0022modaBgColor\\u0022:\\u0022rgba(0,0,0,0.8)\\u0022,\\u0022modalIconColor\\u0022:\\u0022rgba(255,255,255,1)\\u0022,\\u0022modalIconColorHover\\u0022:\\u0022rgba(255,255,255,0.8)\\u0022,\\u0022shareFacebook\\u0022:true,\\u0022shareTwitter\\u0022:true,\\u0022sharePinterest\\u0022:true,\\u0022sliderItemDownload\\u0022:true,\\u0022shareCopyLink\\u0022:true,\\u0022tagsFilter\\u0022:true,\\u0022tagCloudAll\\u0022:\\u0022Totes\\u0022,\\u0022tagCloudBgColor\\u0022:\\u0022rgba(153,153,153,1)\\u0022,\\u0022tagCloudBgColorOver\\u0022:\\u0022rgba(253,253,253,1)\\u0022,\\u0022tagCloudTextColor\\u0022:\\u0022rgba(253,253,253,1)\\u0022,\\u0022tagCloudTextColorOver\\u0022:\\u0022rgba(153,153,153,1)\\u0022,\\u0022tagCloudFontSize\\u0022:16,\\u0022deepLinking\\u0022:false,\\u0022useLightbox\\u0022:true,\\u0022numItemsDisplayed\\u0022:0,\\u0022lazyLoading\\u0022:true,\\u0022contentNoPadding\\u0022:false,\\u0022galleryPreloaderColor\\u0022:\\u0022rgba(230,230,230,1)\\u0022,\\u0022galleryBgColor\\u0022:\\u0022rgba(0,0,0,0)\\u0022,\\u0022galleryBorderRadius\\u0022:0,\\u0022customCSS\\u0022:\\u0022\\u0022,\\u0022collectionColumns\\u0022:2,\\u0022collectionThumbRecomendedWidth\\u0022:200,\\u0022thumbSpacing\\u0022:15,\\u0022externalLink\\u0022:true,\\u0022externalLinkDefName\\u0022:\\u0022Llegir m\u00e9s\\u0022,\\u0022externalLinkTextColor\\u0022:\\u0022rgba(0,0,0,1)\\u0022,\\u0022externalLinkBgColor\\u0022:\\u0022rgba(255,255,255,1)\\u0022,\\u0022externalLinkFontSize\\u0022:18,\\u0022captions\\u0022:true,\\u0022captionSrc\\u0022:\\u0022caption\\u0022,\\u0022captionHAlign\\u0022:\\u0022top\\u0022,\\u0022collectionthumbHoverTitleFontSize\\u0022:18,\\u0022collectionthumbRoundedCorners\\u0022:0,\\u0022collectionthumbHoverTitleTextColor\\u0022:\\u0022rgba(255,255,255,1)\\u0022,\\u0022collectionthumbHoverTitleTextBgColor\\u0022:\\u0022rgba(0,0,0,0.8)\\u0022,\\u0022collectionthumbHoverBgColor\\u0022:\\u0022rgba(0,0,0,0.4)\\u0022,\\u0022collectionThumbSubMenuDownload\\u0022:true,\\u0022collectionThumbSubMenuShare\\u0022:true,\\u0022collectionThumbSubMenuBgColor\\u0022:\\u0022rgba(0,0,0,0.4)\\u0022,\\u0022collectionThumbSubMenuBgColorHover\\u0022:\\u0022rgba(255,255,255,1)\\u0022,\\u0022collectionThumbSubMenuIconColor\\u0022:\\u0022rgba(255,255,255,1)\\u0022,\\u0022collectionThumbSubMenuIconColorHover\\u0022:\\u0022rgba(0,0,0,1)\\u0022,\\u0022galleryType\\u0022:\\u0022pgc_sgb_masonry\\u0022,\\u0022align\\u0022:\\u0022\\u0022,\\u0022galleryId\\u0022:\\u0022b7d3026c_1614853831026\\u0022,\\u0022images\\u0022:[{\\u0022id\\u0022:56,\\u0022title\\u0022:\\u0022Resid\u00e8ncia El Serrat fa\u00e7ana\\u0022,\\u0022url\\u0022:\\u0022https:\/\/elserratsl.com\/wp-content\/uploads\/2021\/02\/Residencia-El-Serrat-facana.jpeg\\u0022,\\u0022link\\u0022:\\u0022\\u0022,\\u0022alt\\u0022:\\u0022\\u0022,\\u0022description\\u0022:\\u0022\\u0022,\\u0022caption\\u0022:\\u0022\\u0022,\\u0022mime\\u0022:\\u0022image\/jpeg\\u0022,\\u0022type\\u0022:\\u0022image\\u0022,\\u0022width\\u0022:1536,\\u0022height\\u0022:2048,\\u0022sizes\\u0022:{\\u0022thumbnail\\u0022:{\\u0022height\\u0022:150,\\u0022width\\u0022:150,\\u0022url\\u0022:\\u0022https:\/\/elserratsl.com\/wp-content\/uploads\/2021\/02\/Residencia-El-Serrat-facana-150x150.jpeg\\u0022,\\u0022orientation\\u0022:\\u0022landscape\\u0022},\\u0022medium\\u0022:{\\u0022height\\u0022:300,\\u0022width\\u0022:225,\\u0022url\\u0022:\\u0022https:\/\/elserratsl.com\/wp-content\/uploads\/2021\/02\/Residencia-El-Serrat-facana-225x300.jpeg\\u0022,\\u0022orientation\\u0022:\\u0022portrait\\u0022},\\u0022large\\u0022:{\\u0022height\\u0022:1024,\\u0022width\\u0022:768,\\u0022url\\u0022:\\u0022https:\/\/elserratsl.com\/wp-content\/uploads\/2021\/02\/Residencia-El-Serrat-facana-768x1024.jpeg\\u0022,\\u0022orientation\\u0022:\\u0022portrait\\u0022},\\u0022full\\u0022:{\\u0022url\\u0022:\\u0022https:\/\/elserratsl.com\/wp-content\/uploads\/2021\/02\/Residencia-El-Serrat-facana.jpeg\\u0022,\\u0022height\\u0022:2048,\\u0022width\\u0022:1536,\\u0022orientation\\u0022:\\u0022portrait\\u0022}},\\u0022meta\\u0022:false,\\u0022linkTarget\\u0022:\\u0022_self\\u0022,\\u0022linkText\\u0022:\\u0022Llegir m\u00e9s\\u0022,\\u0022tags\\u0022:[\\u0022Exterior\\u0022]},{\\u0022id\\u0022:381,\\u0022title\\u0022:\\u0022IMG_6290\\u0022,\\u0022url\\u0022:\\u0022https:\/\/elserratsl.com\/wp-content\/uploads\/2021\/03\/IMG_6290.jpeg\\u0022,\\u0022link\\u0022:\\u0022\\u0022,\\u0022alt\\u0022:\\u0022\\u0022,\\u0022description\\u0022:\\u0022\\u0022,\\u0022caption\\u0022:\\u0022\\u0022,\\u0022mime\\u0022:\\u0022image\/jpeg\\u0022,\\u0022type\\u0022:\\u0022image\\u0022,\\u0022width\\u0022:2048,\\u0022height\\u0022:1536,\\u0022sizes\\u0022:{\\u0022thumbnail\\u0022:{\\u0022height\\u0022:150,\\u0022width\\u0022:150,\\u0022url\\u0022:\\u0022https:\/\/elserratsl.com\/wp-content\/uploads\/2021\/03\/IMG_6290-150x150.jpeg\\u0022,\\u0022orientation\\u0022:\\u0022landscape\\u0022},\\u0022medium\\u0022:{\\u0022height\\u0022:225,\\u0022width\\u0022:300,\\u0022url\\u0022:\\u0022https:\/\/elserratsl.com\/wp-content\/uploads\/2021\/03\/IMG_6290-300x225.jpeg\\u0022,\\u0022orientation\\u0022:\\u0022landscape\\u0022},\\u0022large\\u0022:{\\u0022height\\u0022:768,\\u0022width\\u0022:1024,\\u0022url\\u0022:\\u0022https:\/\/elserratsl.com\/wp-content\/uploads\/2021\/03\/IMG_6290-1024x768.jpeg\\u0022,\\u0022orientation\\u0022:\\u0022landscape\\u0022},\\u0022full\\u0022:{\\u0022url\\u0022:\\u0022https:\/\/elserratsl.com\/wp-content\/uploads\/2021\/03\/IMG_6290.jpeg\\u0022,\\u0022height\\u0022:1536,\\u0022width\\u0022:2048,\\u0022orientation\\u0022:\\u0022landscape\\u0022}},\\u0022meta\\u0022:false,\\u0022linkTarget\\u0022:\\u0022_self\\u0022,\\u0022linkText\\u0022:\\u0022Llegir m\u00e9s\\u0022,\\u0022tags\\u0022:[\\u0022Interior\\u0022]},{\\u0022id\\u0022:379,\\u0022title\\u0022:\\u0022IMG_6289\\u0022,\\u0022url\\u0022:\\u0022https:\/\/elserratsl.com\/wp-content\/uploads\/2021\/03\/IMG_6289.jpeg\\u0022,\\u0022link\\u0022:\\u0022\\u0022,\\u0022alt\\u0022:\\u0022\\u0022,\\u0022description\\u0022:\\u0022\\u0022,\\u0022caption\\u0022:\\u0022\\u0022,\\u0022mime\\u0022:\\u0022image\/jpeg\\u0022,\\u0022type\\u0022:\\u0022image\\u0022,\\u0022width\\u0022:2048,\\u0022height\\u0022:1536,\\u0022sizes\\u0022:{\\u0022thumbnail\\u0022:{\\u0022height\\u0022:150,\\u0022width\\u0022:150,\\u0022url\\u0022:\\u0022https:\/\/elserratsl.com\/wp-content\/uploads\/2021\/03\/IMG_6289-150x150.jpeg\\u0022,\\u0022orientation\\u0022:\\u0022landscape\\u0022},\\u0022medium\\u0022:{\\u0022height\\u0022:225,\\u0022width\\u0022:300,\\u0022url\\u0022:\\u0022https:\/\/elserratsl.com\/wp-content\/uploads\/2021\/03\/IMG_6289-300x225.jpeg\\u0022,\\u0022orientation\\u0022:\\u0022landscape\\u0022},\\u0022large\\u0022:{\\u0022height\\u0022:768,\\u0022width\\u0022:1024,\\u0022url\\u0022:\\u0022https:\/\/elserratsl.com\/wp-content\/uploads\/2021\/03\/IMG_6289-1024x768.jpeg\\u0022,\\u0022orientation\\u0022:\\u0022landscape\\u0022},\\u0022full\\u0022:{\\u0022url\\u0022:\\u0022https:\/\/elserratsl.com\/wp-content\/uploads\/2021\/03\/IMG_6289.jpeg\\u0022,\\u0022height\\u0022:1536,\\u0022width\\u0022:2048,\\u0022orientation\\u0022:\\u0022landscape\\u0022}},\\u0022meta\\u0022:false,\\u0022linkTarget\\u0022:\\u0022_self\\u0022,\\u0022linkText\\u0022:\\u0022Llegir m\u00e9s\\u0022,\\u0022tags\\u0022:[\\u0022Interior\\u0022]},{\\u0022id\\u0022:373,\\u0022title\\u0022:\\u0022IMG_6282\\u0022,\\u0022url\\u0022:\\u0022https:\/\/elserratsl.com\/wp-content\/uploads\/2021\/03\/IMG_6282.jpeg\\u0022,\\u0022link\\u0022:\\u0022\\u0022,\\u0022alt\\u0022:\\u0022\\u0022,\\u0022description\\u0022:\\u0022\\u0022,\\u0022caption\\u0022:\\u0022\\u0022,\\u0022mime\\u0022:\\u0022image\/jpeg\\u0022,\\u0022type\\u0022:\\u0022image\\u0022,\\u0022width\\u0022:2048,\\u0022height\\u0022:1536,\\u0022sizes\\u0022:{\\u0022thumbnail\\u0022:{\\u0022height\\u0022:150,\\u0022width\\u0022:150,\\u0022url\\u0022:\\u0022https:\/\/elserratsl.com\/wp-content\/uploads\/2021\/03\/IMG_6282-150x150.jpeg\\u0022,\\u0022orientation\\u0022:\\u0022landscape\\u0022},\\u0022medium\\u0022:{\\u0022height\\u0022:225,\\u0022width\\u0022:300,\\u0022url\\u0022:\\u0022https:\/\/elserratsl.com\/wp-content\/uploads\/2021\/03\/IMG_6282-300x225.jpeg\\u0022,\\u0022orientation\\u0022:\\u0022landscape\\u0022},\\u0022large\\u0022:{\\u0022height\\u0022:768,\\u0022width\\u0022:1024,\\u0022url\\u0022:\\u0022https:\/\/elserratsl.com\/wp-content\/uploads\/2021\/03\/IMG_6282-1024x768.jpeg\\u0022,\\u0022orientation\\u0022:\\u0022landscape\\u0022},\\u0022full\\u0022:{\\u0022url\\u0022:\\u0022https:\/\/elserratsl.com\/wp-content\/uploads\/2021\/03\/IMG_6282.jpeg\\u0022,\\u0022height\\u0022:1536,\\u0022width\\u0022:2048,\\u0022orientation\\u0022:\\u0022landscape\\u0022}},\\u0022meta\\u0022:false,\\u0022linkTarget\\u0022:\\u0022_self\\u0022,\\u0022linkText\\u0022:\\u0022Llegir m\u00e9s\\u0022,\\u0022tags\\u0022:[\\u0022Interior\\u0022]},{\\u0022id\\u0022:367,\\u0022title\\u0022:\\u0022IMG_6272\\u0022,\\u0022url\\u0022:\\u0022https:\/\/elserratsl.com\/wp-content\/uploads\/2021\/03\/IMG_6272.jpeg\\u0022,\\u0022link\\u0022:\\u0022\\u0022,\\u0022alt\\u0022:\\u0022\\u0022,\\u0022description\\u0022:\\u0022\\u0022,\\u0022caption\\u0022:\\u0022\\u0022,\\u0022mime\\u0022:\\u0022image\/jpeg\\u0022,\\u0022type\\u0022:\\u0022image\\u0022,\\u0022width\\u0022:2048,\\u0022height\\u0022:1536,\\u0022sizes\\u0022:{\\u0022thumbnail\\u0022:{\\u0022height\\u0022:150,\\u0022width\\u0022:150,\\u0022url\\u0022:\\u0022https:\/\/elserratsl.com\/wp-content\/uploads\/2021\/03\/IMG_6272-150x150.jpeg\\u0022,\\u0022orientation\\u0022:\\u0022landscape\\u0022},\\u0022medium\\u0022:{\\u0022height\\u0022:225,\\u0022width\\u0022:300,\\u0022url\\u0022:\\u0022https:\/\/elserratsl.com\/wp-content\/uploads\/2021\/03\/IMG_6272-300x225.jpeg\\u0022,\\u0022orientation\\u0022:\\u0022landscape\\u0022},\\u0022large\\u0022:{\\u0022height\\u0022:768,\\u0022width\\u0022:1024,\\u0022url\\u0022:\\u0022https:\/\/elserratsl.com\/wp-content\/uploads\/2021\/03\/IMG_6272-1024x768.jpeg\\u0022,\\u0022orientation\\u0022:\\u0022landscape\\u0022},\\u0022full\\u0022:{\\u0022url\\u0022:\\u0022https:\/\/elserratsl.com\/wp-content\/uploads\/2021\/03\/IMG_6272.jpeg\\u0022,\\u0022height\\u0022:1536,\\u0022width\\u0022:2048,\\u0022orientation\\u0022:\\u0022landscape\\u0022}},\\u0022meta\\u0022:false,\\u0022linkTarget\\u0022:\\u0022_self\\u0022,\\u0022linkText\\u0022:\\u0022Llegir m\u00e9s\\u0022,\\u0022tags\\u0022:[\\u0022Interior\\u0022]},{\\u0022id\\u0022:770,\\u0022title\\u0022:\\u0022foto7\\u0022,\\u0022url\\u0022:\\u0022https:\/\/elserratsl.com\/wp-content\/uploads\/2021\/03\/foto7-scaled.jpg\\u0022,\\u0022link\\u0022:\\u0022\\u0022,\\u0022alt\\u0022:\\u0022\\u0022,\\u0022description\\u0022:\\u0022\\u0022,\\u0022caption\\u0022:\\u0022\\u0022,\\u0022mime\\u0022:\\u0022image\/jpeg\\u0022,\\u0022type\\u0022:\\u0022image\\u0022,\\u0022width\\u0022:2560,\\u0022height\\u0022:1920,\\u0022sizes\\u0022:{\\u0022thumbnail\\u0022:{\\u0022height\\u0022:150,\\u0022width\\u0022:150,\\u0022url\\u0022:\\u0022https:\/\/elserratsl.com\/wp-content\/uploads\/2021\/03\/foto7-150x150.jpg\\u0022,\\u0022orientation\\u0022:\\u0022landscape\\u0022},\\u0022medium\\u0022:{\\u0022height\\u0022:225,\\u0022width\\u0022:300,\\u0022url\\u0022:\\u0022https:\/\/elserratsl.com\/wp-content\/uploads\/2021\/03\/foto7-300x225.jpg\\u0022,\\u0022orientation\\u0022:\\u0022landscape\\u0022},\\u0022large\\u0022:{\\u0022height\\u0022:768,\\u0022width\\u0022:1024,\\u0022url\\u0022:\\u0022https:\/\/elserratsl.com\/wp-content\/uploads\/2021\/03\/foto7-1024x768.jpg\\u0022,\\u0022orientation\\u0022:\\u0022landscape\\u0022},\\u0022full\\u0022:{\\u0022url\\u0022:\\u0022https:\/\/elserratsl.com\/wp-content\/uploads\/2021\/03\/foto7-scaled.jpg\\u0022,\\u0022height\\u0022:1920,\\u0022width\\u0022:2560,\\u0022orientation\\u0022:\\u0022landscape\\u0022}},\\u0022meta\\u0022:false,\\u0022linkTarget\\u0022:\\u0022_self\\u0022,\\u0022linkText\\u0022:\\u0022Llegir m\u00e9s\\u0022,\\u0022tags\\u0022:[\\u0022Interior\\u0022]},{\\u0022id\\u0022:766,\\u0022title\\u0022:\\u0022foto5\\u0022,\\u0022url\\u0022:\\u0022https:\/\/elserratsl.com\/wp-content\/uploads\/2021\/03\/foto5-scaled.jpg\\u0022,\\u0022link\\u0022:\\u0022\\u0022,\\u0022alt\\u0022:\\u0022\\u0022,\\u0022description\\u0022:\\u0022\\u0022,\\u0022caption\\u0022:\\u0022\\u0022,\\u0022mime\\u0022:\\u0022image\/jpeg\\u0022,\\u0022type\\u0022:\\u0022image\\u0022,\\u0022width\\u0022:2560,\\u0022height\\u0022:1920,\\u0022sizes\\u0022:{\\u0022thumbnail\\u0022:{\\u0022height\\u0022:150,\\u0022width\\u0022:150,\\u0022url\\u0022:\\u0022https:\/\/elserratsl.com\/wp-content\/uploads\/2021\/03\/foto5-150x150.jpg\\u0022,\\u0022orientation\\u0022:\\u0022landscape\\u0022},\\u0022medium\\u0022:{\\u0022height\\u0022:225,\\u0022width\\u0022:300,\\u0022url\\u0022:\\u0022https:\/\/elserratsl.com\/wp-content\/uploads\/2021\/03\/foto5-300x225.jpg\\u0022,\\u0022orientation\\u0022:\\u0022landscape\\u0022},\\u0022large\\u0022:{\\u0022height\\u0022:768,\\u0022width\\u0022:1024,\\u0022url\\u0022:\\u0022https:\/\/elserratsl.com\/wp-content\/uploads\/2021\/03\/foto5-1024x768.jpg\\u0022,\\u0022orientation\\u0022:\\u0022landscape\\u0022},\\u0022full\\u0022:{\\u0022url\\u0022:\\u0022https:\/\/elserratsl.com\/wp-content\/uploads\/2021\/03\/foto5-scaled.jpg\\u0022,\\u0022height\\u0022:1920,\\u0022width\\u0022:2560,\\u0022orientation\\u0022:\\u0022landscape\\u0022}},\\u0022meta\\u0022:false,\\u0022linkTarget\\u0022:\\u0022_self\\u0022,\\u0022linkText\\u0022:\\u0022Llegir m\u00e9s\\u0022,\\u0022tags\\u0022:[\\u0022Interior\\u0022]},{\\u0022id\\u0022:65,\\u0022title\\u0022:\\u0022Resid\u00e8ncia El Serrat vista exterior\\u0022,\\u0022url\\u0022:\\u0022https:\/\/elserratsl.com\/wp-content\/uploads\/2021\/02\/Residencia-El-Serrat-vista-exterior.jpeg\\u0022,\\u0022link\\u0022:\\u0022\\u0022,\\u0022alt\\u0022:\\u0022\\u0022,\\u0022description\\u0022:\\u0022\\u0022,\\u0022caption\\u0022:\\u0022\\u0022,\\u0022mime\\u0022:\\u0022image\/jpeg\\u0022,\\u0022type\\u0022:\\u0022image\\u0022,\\u0022width\\u0022:1637,\\u0022height\\u0022:1536,\\u0022sizes\\u0022:{\\u0022thumbnail\\u0022:{\\u0022height\\u0022:150,\\u0022width\\u0022:150,\\u0022url\\u0022:\\u0022https:\/\/elserratsl.com\/wp-content\/uploads\/2021\/02\/Residencia-El-Serrat-vista-exterior-150x150.jpeg\\u0022,\\u0022orientation\\u0022:\\u0022landscape\\u0022},\\u0022medium\\u0022:{\\u0022height\\u0022:281,\\u0022width\\u0022:300,\\u0022url\\u0022:\\u0022https:\/\/elserratsl.com\/wp-content\/uploads\/2021\/02\/Residencia-El-Serrat-vista-exterior-300x281.jpeg\\u0022,\\u0022orientation\\u0022:\\u0022landscape\\u0022},\\u0022large\\u0022:{\\u0022height\\u0022:961,\\u0022width\\u0022:1024,\\u0022url\\u0022:\\u0022https:\/\/elserratsl.com\/wp-content\/uploads\/2021\/02\/Residencia-El-Serrat-vista-exterior-1024x961.jpeg\\u0022,\\u0022orientation\\u0022:\\u0022landscape\\u0022},\\u0022full\\u0022:{\\u0022url\\u0022:\\u0022https:\/\/elserratsl.com\/wp-content\/uploads\/2021\/02\/Residencia-El-Serrat-vista-exterior.jpeg\\u0022,\\u0022height\\u0022:1536,\\u0022width\\u0022:1637,\\u0022orientation\\u0022:\\u0022landscape\\u0022}},\\u0022meta\\u0022:false,\\u0022linkTarget\\u0022:\\u0022_self\\u0022,\\u0022linkText\\u0022:\\u0022Llegir m\u00e9s\\u0022,\\u0022tags\\u0022:[\\u0022Exterior\\u0022]},{\\u0022id\\u0022:768,\\u0022title\\u0022:\\u0022foto6\\u0022,\\u0022url\\u0022:\\u0022https:\/\/elserratsl.com\/wp-content\/uploads\/2021\/03\/foto6-scaled.jpg\\u0022,\\u0022link\\u0022:\\u0022\\u0022,\\u0022alt\\u0022:\\u0022\\u0022,\\u0022description\\u0022:\\u0022\\u0022,\\u0022caption\\u0022:\\u0022\\u0022,\\u0022mime\\u0022:\\u0022image\/jpeg\\u0022,\\u0022type\\u0022:\\u0022image\\u0022,\\u0022width\\u0022:2560,\\u0022height\\u0022:1920,\\u0022sizes\\u0022:{\\u0022thumbnail\\u0022:{\\u0022height\\u0022:150,\\u0022width\\u0022:150,\\u0022url\\u0022:\\u0022https:\/\/elserratsl.com\/wp-content\/uploads\/2021\/03\/foto6-150x150.jpg\\u0022,\\u0022orientation\\u0022:\\u0022landscape\\u0022},\\u0022medium\\u0022:{\\u0022height\\u0022:225,\\u0022width\\u0022:300,\\u0022url\\u0022:\\u0022https:\/\/elserratsl.com\/wp-content\/uploads\/2021\/03\/foto6-300x225.jpg\\u0022,\\u0022orientation\\u0022:\\u0022landscape\\u0022},\\u0022large\\u0022:{\\u0022height\\u0022:768,\\u0022width\\u0022:1024,\\u0022url\\u0022:\\u0022https:\/\/elserratsl.com\/wp-content\/uploads\/2021\/03\/foto6-1024x768.jpg\\u0022,\\u0022orientation\\u0022:\\u0022landscape\\u0022},\\u0022full\\u0022:{\\u0022url\\u0022:\\u0022https:\/\/elserratsl.com\/wp-content\/uploads\/2021\/03\/foto6-scaled.jpg\\u0022,\\u0022height\\u0022:1920,\\u0022width\\u0022:2560,\\u0022orientation\\u0022:\\u0022landscape\\u0022}},\\u0022meta\\u0022:false,\\u0022linkTarget\\u0022:\\u0022_self\\u0022,\\u0022linkText\\u0022:\\u0022Llegir m\u00e9s\\u0022,\\u0022tags\\u0022:[\\u0022Interior\\u0022]},{\\u0022id\\u0022:64,\\u0022title\\u0022:\\u0022Resid\u00e8ncia El Serrat terrasa\\u0022,\\u0022url\\u0022:\\u0022https:\/\/elserratsl.com\/wp-content\/uploads\/2021\/02\/Residencia-El-Serrat-terrasa.jpeg\\u0022,\\u0022link\\u0022:\\u0022\\u0022,\\u0022alt\\u0022:\\u0022\\u0022,\\u0022description\\u0022:\\u0022\\u0022,\\u0022caption\\u0022:\\u0022\\u0022,\\u0022mime\\u0022:\\u0022image\/jpeg\\u0022,\\u0022type\\u0022:\\u0022image\\u0022,\\u0022width\\u0022:1536,\\u0022height\\u0022:2048,\\u0022sizes\\u0022:{\\u0022thumbnail\\u0022:{\\u0022height\\u0022:150,\\u0022width\\u0022:150,\\u0022url\\u0022:\\u0022https:\/\/elserratsl.com\/wp-content\/uploads\/2021\/02\/Residencia-El-Serrat-terrasa-150x150.jpeg\\u0022,\\u0022orientation\\u0022:\\u0022landscape\\u0022},\\u0022medium\\u0022:{\\u0022height\\u0022:300,\\u0022width\\u0022:225,\\u0022url\\u0022:\\u0022https:\/\/elserratsl.com\/wp-content\/uploads\/2021\/02\/Residencia-El-Serrat-terrasa-225x300.jpeg\\u0022,\\u0022orientation\\u0022:\\u0022portrait\\u0022},\\u0022large\\u0022:{\\u0022height\\u0022:1024,\\u0022width\\u0022:768,\\u0022url\\u0022:\\u0022https:\/\/elserratsl.com\/wp-content\/uploads\/2021\/02\/Residencia-El-Serrat-terrasa-768x1024.jpeg\\u0022,\\u0022orientation\\u0022:\\u0022portrait\\u0022},\\u0022full\\u0022:{\\u0022url\\u0022:\\u0022https:\/\/elserratsl.com\/wp-content\/uploads\/2021\/02\/Residencia-El-Serrat-terrasa.jpeg\\u0022,\\u0022height\\u0022:2048,\\u0022width\\u0022:1536,\\u0022orientation\\u0022:\\u0022portrait\\u0022}},\\u0022meta\\u0022:false,\\u0022linkTarget\\u0022:\\u0022_self\\u0022,\\u0022linkText\\u0022:\\u0022Llegir m\u00e9s\\u0022,\\u0022tags\\u0022:[\\u0022Exterior\\u0022]},{\\u0022id\\u0022:63,\\u0022title\\u0022:\\u0022Resid\u00e8ncia El Serrat jard\u00ed\\u0022,\\u0022url\\u0022:\\u0022https:\/\/elserratsl.com\/wp-content\/uploads\/2021\/02\/Residencia-El-Serrat-jardi.jpeg\\u0022,\\u0022link\\u0022:\\u0022\\u0022,\\u0022alt\\u0022:\\u0022\\u0022,\\u0022description\\u0022:\\u0022\\u0022,\\u0022caption\\u0022:\\u0022\\u0022,\\u0022mime\\u0022:\\u0022image\/jpeg\\u0022,\\u0022type\\u0022:\\u0022image\\u0022,\\u0022width\\u0022:2048,\\u0022height\\u0022:1536,\\u0022sizes\\u0022:{\\u0022thumbnail\\u0022:{\\u0022height\\u0022:150,\\u0022width\\u0022:150,\\u0022url\\u0022:\\u0022https:\/\/elserratsl.com\/wp-content\/uploads\/2021\/02\/Residencia-El-Serrat-jardi-150x150.jpeg\\u0022,\\u0022orientation\\u0022:\\u0022landscape\\u0022},\\u0022medium\\u0022:{\\u0022height\\u0022:225,\\u0022width\\u0022:300,\\u0022url\\u0022:\\u0022https:\/\/elserratsl.com\/wp-content\/uploads\/2021\/02\/Residencia-El-Serrat-jardi-300x225.jpeg\\u0022,\\u0022orientation\\u0022:\\u0022landscape\\u0022},\\u0022large\\u0022:{\\u0022height\\u0022:768,\\u0022width\\u0022:1024,\\u0022url\\u0022:\\u0022https:\/\/elserratsl.com\/wp-content\/uploads\/2021\/02\/Residencia-El-Serrat-jardi-1024x768.jpeg\\u0022,\\u0022orientation\\u0022:\\u0022landscape\\u0022},\\u0022full\\u0022:{\\u0022url\\u0022:\\u0022https:\/\/elserratsl.com\/wp-content\/uploads\/2021\/02\/Residencia-El-Serrat-jardi.jpeg\\u0022,\\u0022height\\u0022:1536,\\u0022width\\u0022:2048,\\u0022orientation\\u0022:\\u0022landscape\\u0022}},\\u0022meta\\u0022:false,\\u0022linkTarget\\u0022:\\u0022_self\\u0022,\\u0022linkText\\u0022:\\u0022Llegir m\u00e9s\\u0022,\\u0022tags\\u0022:[\\u0022Exterior\\u0022]},{\\u0022id\\u0022:62,\\u0022title\\u0022:\\u0022Resid\u00e8ncia El Serrat habitaci\u00f3 individual 03\\u0022,\\u0022url\\u0022:\\u0022https:\/\/elserratsl.com\/wp-content\/uploads\/2021\/02\/Residencia-El-Serrat-habitacio-individual-03.jpeg\\u0022,\\u0022link\\u0022:\\u0022\\u0022,\\u0022alt\\u0022:\\u0022\\u0022,\\u0022description\\u0022:\\u0022\\u0022,\\u0022caption\\u0022:\\u0022\\u0022,\\u0022mime\\u0022:\\u0022image\/jpeg\\u0022,\\u0022type\\u0022:\\u0022image\\u0022,\\u0022width\\u0022:2048,\\u0022height\\u0022:1536,\\u0022sizes\\u0022:{\\u0022thumbnail\\u0022:{\\u0022height\\u0022:150,\\u0022width\\u0022:150,\\u0022url\\u0022:\\u0022https:\/\/elserratsl.com\/wp-content\/uploads\/2021\/02\/Residencia-El-Serrat-habitacio-individual-03-150x150.jpeg\\u0022,\\u0022orientation\\u0022:\\u0022landscape\\u0022},\\u0022medium\\u0022:{\\u0022height\\u0022:225,\\u0022width\\u0022:300,\\u0022url\\u0022:\\u0022https:\/\/elserratsl.com\/wp-content\/uploads\/2021\/02\/Residencia-El-Serrat-habitacio-individual-03-300x225.jpeg\\u0022,\\u0022orientation\\u0022:\\u0022landscape\\u0022},\\u0022large\\u0022:{\\u0022height\\u0022:768,\\u0022width\\u0022:1024,\\u0022url\\u0022:\\u0022https:\/\/elserratsl.com\/wp-content\/uploads\/2021\/02\/Residencia-El-Serrat-habitacio-individual-03-1024x768.jpeg\\u0022,\\u0022orientation\\u0022:\\u0022landscape\\u0022},\\u0022full\\u0022:{\\u0022url\\u0022:\\u0022https:\/\/elserratsl.com\/wp-content\/uploads\/2021\/02\/Residencia-El-Serrat-habitacio-individual-03.jpeg\\u0022,\\u0022height\\u0022:1536,\\u0022width\\u0022:2048,\\u0022orientation\\u0022:\\u0022landscape\\u0022}},\\u0022meta\\u0022:false,\\u0022linkTarget\\u0022:\\u0022_self\\u0022,\\u0022linkText\\u0022:\\u0022Llegir m\u00e9s\\u0022,\\u0022tags\\u0022:[\\u0022Habitaci\u00f3 individual\\u0022]},{\\u0022id\\u0022:61,\\u0022title\\u0022:\\u0022Resid\u00e8ncia El Serrat habitaci\u00f3 individual 02\\u0022,\\u0022url\\u0022:\\u0022https:\/\/elserratsl.com\/wp-content\/uploads\/2021\/02\/Residencia-El-Serrat-habitacio-individual-02.jpeg\\u0022,\\u0022link\\u0022:\\u0022\\u0022,\\u0022alt\\u0022:\\u0022\\u0022,\\u0022description\\u0022:\\u0022\\u0022,\\u0022caption\\u0022:\\u0022\\u0022,\\u0022mime\\u0022:\\u0022image\/jpeg\\u0022,\\u0022type\\u0022:\\u0022image\\u0022,\\u0022width\\u0022:2048,\\u0022height\\u0022:1536,\\u0022sizes\\u0022:{\\u0022thumbnail\\u0022:{\\u0022height\\u0022:150,\\u0022width\\u0022:150,\\u0022url\\u0022:\\u0022https:\/\/elserratsl.com\/wp-content\/uploads\/2021\/02\/Residencia-El-Serrat-habitacio-individual-02-150x150.jpeg\\u0022,\\u0022orientation\\u0022:\\u0022landscape\\u0022},\\u0022medium\\u0022:{\\u0022height\\u0022:225,\\u0022width\\u0022:300,\\u0022url\\u0022:\\u0022https:\/\/elserratsl.com\/wp-content\/uploads\/2021\/02\/Residencia-El-Serrat-habitacio-individual-02-300x225.jpeg\\u0022,\\u0022orientation\\u0022:\\u0022landscape\\u0022},\\u0022large\\u0022:{\\u0022height\\u0022:768,\\u0022width\\u0022:1024,\\u0022url\\u0022:\\u0022https:\/\/elserratsl.com\/wp-content\/uploads\/2021\/02\/Residencia-El-Serrat-habitacio-individual-02-1024x768.jpeg\\u0022,\\u0022orientation\\u0022:\\u0022landscape\\u0022},\\u0022full\\u0022:{\\u0022url\\u0022:\\u0022https:\/\/elserratsl.com\/wp-content\/uploads\/2021\/02\/Residencia-El-Serrat-habitacio-individual-02.jpeg\\u0022,\\u0022height\\u0022:1536,\\u0022width\\u0022:2048,\\u0022orientation\\u0022:\\u0022landscape\\u0022}},\\u0022meta\\u0022:false,\\u0022linkTarget\\u0022:\\u0022_self\\u0022,\\u0022linkText\\u0022:\\u0022Llegir m\u00e9s\\u0022,\\u0022tags\\u0022:[\\u0022Habitaci\u00f3 individual\\u0022]},{\\u0022id\\u0022:60,\\u0022title\\u0022:\\u0022Resid\u00e8ncia El Serrat habitaci\u00f3 individual 01\\u0022,\\u0022url\\u0022:\\u0022https:\/\/elserratsl.com\/wp-content\/uploads\/2021\/02\/Residencia-El-Serrat-habitacio-individual-01.jpeg\\u0022,\\u0022link\\u0022:\\u0022\\u0022,\\u0022alt\\u0022:\\u0022Resid\u00e8ncia El Serrat habitaci\u00f3 individual\\u0022,\\u0022description\\u0022:\\u0022\\u0022,\\u0022caption\\u0022:\\u0022\\u0022,\\u0022mime\\u0022:\\u0022image\/jpeg\\u0022,\\u0022type\\u0022:\\u0022image\\u0022,\\u0022width\\u0022:2048,\\u0022height\\u0022:1536,\\u0022sizes\\u0022:{\\u0022thumbnail\\u0022:{\\u0022height\\u0022:150,\\u0022width\\u0022:150,\\u0022url\\u0022:\\u0022https:\/\/elserratsl.com\/wp-content\/uploads\/2021\/02\/Residencia-El-Serrat-habitacio-individual-01-150x150.jpeg\\u0022,\\u0022orientation\\u0022:\\u0022landscape\\u0022},\\u0022medium\\u0022:{\\u0022height\\u0022:225,\\u0022width\\u0022:300,\\u0022url\\u0022:\\u0022https:\/\/elserratsl.com\/wp-content\/uploads\/2021\/02\/Residencia-El-Serrat-habitacio-individual-01-300x225.jpeg\\u0022,\\u0022orientation\\u0022:\\u0022landscape\\u0022},\\u0022large\\u0022:{\\u0022height\\u0022:768,\\u0022width\\u0022:1024,\\u0022url\\u0022:\\u0022https:\/\/elserratsl.com\/wp-content\/uploads\/2021\/02\/Residencia-El-Serrat-habitacio-individual-01-1024x768.jpeg\\u0022,\\u0022orientation\\u0022:\\u0022landscape\\u0022},\\u0022full\\u0022:{\\u0022url\\u0022:\\u0022https:\/\/elserratsl.com\/wp-content\/uploads\/2021\/02\/Residencia-El-Serrat-habitacio-individual-01.jpeg\\u0022,\\u0022height\\u0022:1536,\\u0022width\\u0022:2048,\\u0022orientation\\u0022:\\u0022landscape\\u0022}},\\u0022meta\\u0022:false,\\u0022linkTarget\\u0022:\\u0022_self\\u0022,\\u0022linkText\\u0022:\\u0022Llegir m\u00e9s\\u0022,\\u0022tags\\u0022:[\\u0022Habitaci\u00f3 individual\\u0022]},{\\u0022id\\u0022:59,\\u0022title\\u0022:\\u0022Resid\u00e8ncia El Serrat habitaci\u00f3 doble 03\\u0022,\\u0022url\\u0022:\\u0022https:\/\/elserratsl.com\/wp-content\/uploads\/2021\/02\/Residencia-El-Serrat-habitacio-doble-03.jpeg\\u0022,\\u0022link\\u0022:\\u0022\\u0022,\\u0022alt\\u0022:\\u0022\\u0022,\\u0022description\\u0022:\\u0022\\u0022,\\u0022caption\\u0022:\\u0022\\u0022,\\u0022mime\\u0022:\\u0022image\/jpeg\\u0022,\\u0022type\\u0022:\\u0022image\\u0022,\\u0022width\\u0022:2048,\\u0022height\\u0022:1536,\\u0022sizes\\u0022:{\\u0022thumbnail\\u0022:{\\u0022height\\u0022:150,\\u0022width\\u0022:150,\\u0022url\\u0022:\\u0022https:\/\/elserratsl.com\/wp-content\/uploads\/2021\/02\/Residencia-El-Serrat-habitacio-doble-03-150x150.jpeg\\u0022,\\u0022orientation\\u0022:\\u0022landscape\\u0022},\\u0022medium\\u0022:{\\u0022height\\u0022:225,\\u0022width\\u0022:300,\\u0022url\\u0022:\\u0022https:\/\/elserratsl.com\/wp-content\/uploads\/2021\/02\/Residencia-El-Serrat-habitacio-doble-03-300x225.jpeg\\u0022,\\u0022orientation\\u0022:\\u0022landscape\\u0022},\\u0022large\\u0022:{\\u0022height\\u0022:768,\\u0022width\\u0022:1024,\\u0022url\\u0022:\\u0022https:\/\/elserratsl.com\/wp-content\/uploads\/2021\/02\/Residencia-El-Serrat-habitacio-doble-03-1024x768.jpeg\\u0022,\\u0022orientation\\u0022:\\u0022landscape\\u0022},\\u0022full\\u0022:{\\u0022url\\u0022:\\u0022https:\/\/elserratsl.com\/wp-content\/uploads\/2021\/02\/Residencia-El-Serrat-habitacio-doble-03.jpeg\\u0022,\\u0022height\\u0022:1536,\\u0022width\\u0022:2048,\\u0022orientation\\u0022:\\u0022landscape\\u0022}},\\u0022meta\\u0022:false,\\u0022linkTarget\\u0022:\\u0022_self\\u0022,\\u0022linkText\\u0022:\\u0022Llegir m\u00e9s\\u0022,\\u0022tags\\u0022:[\\u0022Habitaci\u00f3 doble\\u0022]},{\\u0022id\\u0022:58,\\u0022title\\u0022:\\u0022Resid\u00e8ncia El Serrat habitaci\u00f3 doble 02\\u0022,\\u0022url\\u0022:\\u0022https:\/\/elserratsl.com\/wp-content\/uploads\/2021\/02\/Residencia-El-Serrat-habitacio-doble-02.jpeg\\u0022,\\u0022link\\u0022:\\u0022\\u0022,\\u0022alt\\u0022:\\u0022\\u0022,\\u0022description\\u0022:\\u0022\\u0022,\\u0022caption\\u0022:\\u0022\\u0022,\\u0022mime\\u0022:\\u0022image\/jpeg\\u0022,\\u0022type\\u0022:\\u0022image\\u0022,\\u0022width\\u0022:2048,\\u0022height\\u0022:1536,\\u0022sizes\\u0022:{\\u0022thumbnail\\u0022:{\\u0022height\\u0022:150,\\u0022width\\u0022:150,\\u0022url\\u0022:\\u0022https:\/\/elserratsl.com\/wp-content\/uploads\/2021\/02\/Residencia-El-Serrat-habitacio-doble-02-150x150.jpeg\\u0022,\\u0022orientation\\u0022:\\u0022landscape\\u0022},\\u0022medium\\u0022:{\\u0022height\\u0022:225,\\u0022width\\u0022:300,\\u0022url\\u0022:\\u0022https:\/\/elserratsl.com\/wp-content\/uploads\/2021\/02\/Residencia-El-Serrat-habitacio-doble-02-300x225.jpeg\\u0022,\\u0022orientation\\u0022:\\u0022landscape\\u0022},\\u0022large\\u0022:{\\u0022height\\u0022:768,\\u0022width\\u0022:1024,\\u0022url\\u0022:\\u0022https:\/\/elserratsl.com\/wp-content\/uploads\/2021\/02\/Residencia-El-Serrat-habitacio-doble-02-1024x768.jpeg\\u0022,\\u0022orientation\\u0022:\\u0022landscape\\u0022},\\u0022full\\u0022:{\\u0022url\\u0022:\\u0022https:\/\/elserratsl.com\/wp-content\/uploads\/2021\/02\/Residencia-El-Serrat-habitacio-doble-02.jpeg\\u0022,\\u0022height\\u0022:1536,\\u0022width\\u0022:2048,\\u0022orientation\\u0022:\\u0022landscape\\u0022}},\\u0022meta\\u0022:false,\\u0022linkTarget\\u0022:\\u0022_self\\u0022,\\u0022linkText\\u0022:\\u0022Llegir m\u00e9s\\u0022,\\u0022tags\\u0022:[\\u0022Habitaci\u00f3 doble\\u0022]},{\\u0022id\\u0022:57,\\u0022title\\u0022:\\u0022Resid\u00e8ncia El Serrat habitaci\u00f3 doble 01\\u0022,\\u0022url\\u0022:\\u0022https:\/\/elserratsl.com\/wp-content\/uploads\/2021\/02\/Residencia-El-Serrat-habitacio-doble-01.jpeg\\u0022,\\u0022link\\u0022:\\u0022\\u0022,\\u0022alt\\u0022:\\u0022\\u0022,\\u0022description\\u0022:\\u0022\\u0022,\\u0022caption\\u0022:\\u0022\\u0022,\\u0022mime\\u0022:\\u0022image\/jpeg\\u0022,\\u0022type\\u0022:\\u0022image\\u0022,\\u0022width\\u0022:2048,\\u0022height\\u0022:1536,\\u0022sizes\\u0022:{\\u0022thumbnail\\u0022:{\\u0022height\\u0022:150,\\u0022width\\u0022:150,\\u0022url\\u0022:\\u0022https:\/\/elserratsl.com\/wp-content\/uploads\/2021\/02\/Residencia-El-Serrat-habitacio-doble-01-150x150.jpeg\\u0022,\\u0022orientation\\u0022:\\u0022landscape\\u0022},\\u0022medium\\u0022:{\\u0022height\\u0022:225,\\u0022width\\u0022:300,\\u0022url\\u0022:\\u0022https:\/\/elserratsl.com\/wp-content\/uploads\/2021\/02\/Residencia-El-Serrat-habitacio-doble-01-300x225.jpeg\\u0022,\\u0022orientation\\u0022:\\u0022landscape\\u0022},\\u0022large\\u0022:{\\u0022height\\u0022:768,\\u0022width\\u0022:1024,\\u0022url\\u0022:\\u0022https:\/\/elserratsl.com\/wp-content\/uploads\/2021\/02\/Residencia-El-Serrat-habitacio-doble-01-1024x768.jpeg\\u0022,\\u0022orientation\\u0022:\\u0022landscape\\u0022},\\u0022full\\u0022:{\\u0022url\\u0022:\\u0022https:\/\/elserratsl.com\/wp-content\/uploads\/2021\/02\/Residencia-El-Serrat-habitacio-doble-01.jpeg\\u0022,\\u0022height\\u0022:1536,\\u0022width\\u0022:2048,\\u0022orientation\\u0022:\\u0022landscape\\u0022}},\\u0022meta\\u0022:false,\\u0022linkTarget\\u0022:\\u0022_self\\u0022,\\u0022linkText\\u0022:\\u0022Llegir m\u00e9s\\u0022,\\u0022tags\\u0022:[\\u0022Habitaci\u00f3 doble\\u0022]}],\\u0022itemsMetaDataCollection\\u0022:[{\\u0022link\\u0022:\\u0022\\u0022,\\u0022linkTarget\\u0022:\\u0022_self\\u0022,\\u0022linkText\\u0022:\\u0022\\u0022,\\u0022tags\\u0022:[\\u0022Exterior\\u0022],\\u0022id\\u0022:\\u002256\\u0022},{\\u0022link\\u0022:\\u0022\\u0022,\\u0022linkTarget\\u0022:\\u0022_self\\u0022,\\u0022linkText\\u0022:\\u0022\\u0022,\\u0022tags\\u0022:[\\u0022Habitaci\u00f3 doble\\u0022],\\u0022id\\u0022:\\u002257\\u0022},{\\u0022link\\u0022:\\u0022\\u0022,\\u0022linkTarget\\u0022:\\u0022_self\\u0022,\\u0022linkText\\u0022:\\u0022\\u0022,\\u0022tags\\u0022:[\\u0022Habitaci\u00f3 doble\\u0022],\\u0022id\\u0022:\\u002258\\u0022},{\\u0022link\\u0022:\\u0022\\u0022,\\u0022linkTarget\\u0022:\\u0022_self\\u0022,\\u0022linkText\\u0022:\\u0022\\u0022,\\u0022tags\\u0022:[\\u0022Habitaci\u00f3 doble\\u0022],\\u0022id\\u0022:\\u002259\\u0022},{\\u0022link\\u0022:\\u0022\\u0022,\\u0022linkTarget\\u0022:\\u0022_self\\u0022,\\u0022linkText\\u0022:\\u0022\\u0022,\\u0022tags\\u0022:[\\u0022Habitaci\u00f3 individual\\u0022],\\u0022id\\u0022:\\u002260\\u0022},{\\u0022link\\u0022:\\u0022\\u0022,\\u0022linkTarget\\u0022:\\u0022_self\\u0022,\\u0022linkText\\u0022:\\u0022\\u0022,\\u0022tags\\u0022:[\\u0022Habitaci\u00f3 individual\\u0022],\\u0022id\\u0022:\\u002261\\u0022},{\\u0022link\\u0022:\\u0022\\u0022,\\u0022linkTarget\\u0022:\\u0022_self\\u0022,\\u0022linkText\\u0022:\\u0022\\u0022,\\u0022tags\\u0022:[\\u0022Habitaci\u00f3 individual\\u0022],\\u0022id\\u0022:\\u002262\\u0022},{\\u0022link\\u0022:\\u0022\\u0022,\\u0022linkTarget\\u0022:\\u0022_self\\u0022,\\u0022linkText\\u0022:\\u0022\\u0022,\\u0022tags\\u0022:[\\u0022Exterior\\u0022],\\u0022id\\u0022:\\u002263\\u0022},{\\u0022link\\u0022:\\u0022\\u0022,\\u0022linkTarget\\u0022:\\u0022_self\\u0022,\\u0022linkText\\u0022:\\u0022\\u0022,\\u0022tags\\u0022:[\\u0022Exterior\\u0022],\\u0022id\\u0022:\\u002264\\u0022},{\\u0022link\\u0022:\\u0022\\u0022,\\u0022linkTarget\\u0022:\\u0022_self\\u0022,\\u0022linkText\\u0022:\\u0022\\u0022,\\u0022tags\\u0022:[\\u0022Exterior\\u0022],\\u0022id\\u0022:\\u002265\\u0022},{\\u0022link\\u0022:\\u0022\\u0022,\\u0022linkTarget\\u0022:\\u0022_self\\u0022,\\u0022linkText\\u0022:\\u0022\\u0022,\\u0022tags\\u0022:[\\u0022Interior\\u0022],\\u0022id\\u0022:\\u0022367\\u0022},{\\u0022link\\u0022:\\u0022\\u0022,\\u0022linkTarget\\u0022:\\u0022_self\\u0022,\\u0022linkText\\u0022:\\u0022\\u0022,\\u0022tags\\u0022:[\\u0022Interior\\u0022],\\u0022id\\u0022:\\u0022373\\u0022},{\\u0022link\\u0022:\\u0022\\u0022,\\u0022linkTarget\\u0022:\\u0022_self\\u0022,\\u0022linkText\\u0022:\\u0022\\u0022,\\u0022tags\\u0022:[\\u0022Interior\\u0022],\\u0022id\\u0022:\\u0022379\\u0022},{\\u0022link\\u0022:\\u0022\\u0022,\\u0022linkTarget\\u0022:\\u0022_self\\u0022,\\u0022linkText\\u0022:\\u0022\\u0022,\\u0022tags\\u0022:[\\u0022Interior\\u0022],\\u0022id\\u0022:\\u0022381\\u0022},{\\u0022link\\u0022:\\u0022\\u0022,\\u0022linkTarget\\u0022:\\u0022_self\\u0022,\\u0022linkText\\u0022:\\u0022\\u0022,\\u0022tags\\u0022:[\\u0022Interior\\u0022],\\u0022id\\u0022:\\u0022770\\u0022},{\\u0022link\\u0022:\\u0022\\u0022,\\u0022linkTarget\\u0022:\\u0022_self\\u0022,\\u0022linkText\\u0022:\\u0022\\u0022,\\u0022tags\\u0022:[\\u0022Interior\\u0022],\\u0022id\\u0022:\\u0022768\\u0022},{\\u0022link\\u0022:\\u0022\\u0022,\\u0022linkTarget\\u0022:\\u0022_self\\u0022,\\u0022linkText\\u0022:\\u0022\\u0022,\\u0022tags\\u0022:[\\u0022Interior\\u0022],\\u0022id\\u0022:\\u0022766\\u0022}],\\u0022tagsListCustomMode\\u0022:false,\\u0022galleryTagsList\\u0022:[\\u0022Exterior\\u0022,\\u0022Habitaci\u00f3 doble\\u0022,\\u0022Habitaci\u00f3 individual\\u0022,\\u0022Interior\\u0022],\\u0022useClobalSettings\\u0022:false,\\u0022orderBy\\u0022:\\u0022custom\\u0022,\\u0022skin\\u0022:\\u0022masonry\\u0022}\",\"translatedWithWPMLTM\":\"1\"}<\/script><script>(function(){if(window.PGC_SGB && window.PGC_SGB.searcher){window.PGC_SGB.searcher.initBlocks()}})()<\/script><\/div><\/div><\/section>\n<\/div><\/div>\n","protected":false},"excerpt":{"rendered":"","protected":false},"author":1,"featured_media":0,"parent":0,"menu_order":4,"comment_status":"closed","ping_status":"closed","template":"","meta":{"inline_featured_image":false,"_uag_custom_page_level_css":"","site-sidebar-layout":"default","site-content-layout":"default","ast-global-header-display":"","ast-main-header-display":"","ast-hfb-above-header-display":"","ast-hfb-below-header-display":"","ast-hfb-mobile-header-display":"","site-post-title":"disabled","ast-breadcrumbs-content":"","ast-featured-img":"","footer-sml-layout":"","theme-transparent-header-meta":"default","adv-header-id-meta":"","stick-header-meta":"default","header-above-stick-meta":"","header-main-stick-meta":"","header-below-stick-meta":"","pgc_sgb_lightbox_settings":"","footnotes":""},"class_list":["post-511","page","type-page","status-publish","hentry"],"uagb_featured_image_src":{"full":false,"thumbnail":false,"medium":false,"medium_large":false,"large":false,"1536x1536":false,"2048x2048":false},"uagb_author_info":{"display_name":"empiezapori","author_link":"https:\/\/elserratsl.com\/es\/author\/empiezapori\/"},"uagb_comment_info":0,"uagb_excerpt":null,"_links":{"self":[{"href":"https:\/\/elserratsl.com\/es\/wp-json\/wp\/v2\/pages\/511","targetHints":{"allow":["GET"]}}],"collection":[{"href":"https:\/\/elserratsl.com\/es\/wp-json\/wp\/v2\/pages"}],"about":[{"href":"https:\/\/elserratsl.com\/es\/wp-json\/wp\/v2\/types\/page"}],"author":[{"embeddable":true,"href":"https:\/\/elserratsl.com\/es\/wp-json\/wp\/v2\/users\/1"}],"replies":[{"embeddable":true,"href":"https:\/\/elserratsl.com\/es\/wp-json\/wp\/v2\/comments?post=511"}],"version-history":[{"count":5,"href":"https:\/\/elserratsl.com\/es\/wp-json\/wp\/v2\/pages\/511\/revisions"}],"predecessor-version":[{"id":778,"href":"https:\/\/elserratsl.com\/es\/wp-json\/wp\/v2\/pages\/511\/revisions\/778"}],"wp:attachment":[{"href":"https:\/\/elserratsl.com\/es\/wp-json\/wp\/v2\/media?parent=511"}],"curies":[{"name":"wp","href":"https:\/\/api.w.org\/{rel}","templated":true}]}}